{"id":15137,"date":"2023-05-12T12:23:53","date_gmt":"2023-05-12T10:23:53","guid":{"rendered":"https:\/\/www.ciceronegranada.com\/?page_id=15137"},"modified":"2023-05-24T15:35:31","modified_gmt":"2023-05-24T13:35:31","slug":"questions-frequemment-posees-2","status":"publish","type":"page","link":"https:\/\/www.ciceronegranada.com\/fr\/questions-frequemment-posees\/","title":{"rendered":"Questions fr\u00e9quemment pos\u00e9es"},"content":{"rendered":"\t\t<div data-elementor-type=\"wp-page\" data-elementor-id=\"15137\" class=\"elementor elementor-15137 elementor-14535\" data-elementor-post-type=\"page\">\n\t\t\t\t\t\t<section class=\"elementor-section elementor-top-section elementor-element elementor-element-69fb8b4 elementor-section-height-min-height elementor-section-boxed elementor-section-height-default elementor-section-items-middle\" data-id=\"69fb8b4\" data-element_type=\"section\" data-settings=\"{&quot;background_background&quot;:&quot;classic&quot;}\">\n\t\t\t\t\t\t<div class=\"elementor-container elementor-column-gap-default\">\n\t\t\t\t\t<div class=\"elementor-column elementor-col-100 elementor-top-column elementor-element elementor-element-a4d3446\" data-id=\"a4d3446\" data-element_type=\"column\">\n\t\t\t<div class=\"elementor-widget-wrap\">\n\t\t\t\t\t\t\t<\/div>\n\t\t<\/div>\n\t\t\t\t\t<\/div>\n\t\t<\/section>\n\t\t\t\t<section class=\"elementor-section elementor-top-section elementor-element elementor-element-ef7b283 elementor-section-boxed elementor-section-height-default elementor-section-height-default\" data-id=\"ef7b283\" data-element_type=\"section\">\n\t\t\t\t\t\t<div class=\"elementor-container elementor-column-gap-default\">\n\t\t\t\t\t<div class=\"elementor-column elementor-col-100 elementor-top-column elementor-element elementor-element-93c2182\" data-id=\"93c2182\" data-element_type=\"column\">\n\t\t\t<div class=\"elementor-widget-wrap elementor-element-populated\">\n\t\t\t\t\t\t<div class=\"elementor-element elementor-element-84eb63f elementor-widget elementor-widget-heading\" data-id=\"84eb63f\" data-element_type=\"widget\" data-widget_type=\"heading.default\">\n\t\t\t\t<div class=\"elementor-widget-container\">\n\t\t\t\t\t<h1 class=\"elementor-heading-title elementor-size-default\">Questions fr\u00e9quemment pos\u00e9es<\/h1>\t\t\t\t<\/div>\n\t\t\t\t<\/div>\n\t\t\t\t\t<\/div>\n\t\t<\/div>\n\t\t\t\t\t<\/div>\n\t\t<\/section>\n\t\t\t\t<section class=\"elementor-section elementor-top-section elementor-element elementor-element-f013904 elementor-section-boxed elementor-section-height-default elementor-section-height-default\" data-id=\"f013904\" data-element_type=\"section\">\n\t\t\t\t\t\t<div class=\"elementor-container elementor-column-gap-default\">\n\t\t\t\t\t<div class=\"elementor-column elementor-col-100 elementor-top-column elementor-element elementor-element-33bd206\" data-id=\"33bd206\" data-element_type=\"column\">\n\t\t\t<div class=\"elementor-widget-wrap elementor-element-populated\">\n\t\t\t\t\t\t<div class=\"elementor-element elementor-element-73aaed6 elementor-widget elementor-widget-heading\" data-id=\"73aaed6\" data-element_type=\"widget\" data-widget_type=\"heading.default\">\n\t\t\t\t<div class=\"elementor-widget-container\">\n\t\t\t\t\t<h2 class=\"elementor-heading-title elementor-size-default\">Questions fr\u00e9quemment pos\u00e9es sur l'Alhambra\n<\/h2>\t\t\t\t<\/div>\n\t\t\t\t<\/div>\n\t\t\t\t<div class=\"elementor-element elementor-element-46c7960 elementor-widget elementor-widget-toggle\" data-id=\"46c7960\" data-element_type=\"widget\" data-widget_type=\"toggle.default\">\n\t\t\t\t<div class=\"elementor-widget-container\">\n\t\t\t\t\t\t\t<div class=\"elementor-toggle\">\n\t\t\t\t\t\t\t<div class=\"elementor-toggle-item\">\n\t\t\t\t\t<h3 id=\"elementor-tab-title-7421\" class=\"elementor-tab-title\" data-tab=\"1\" role=\"button\" aria-controls=\"elementor-tab-content-7421\" aria-expanded=\"false\">\n\t\t\t\t\t\t\t\t\t\t\t\t<span class=\"elementor-toggle-icon elementor-toggle-icon-left\" aria-hidden=\"true\">\n\t\t\t\t\t\t\t\t\t\t\t\t\t\t\t<span class=\"elementor-toggle-icon-closed\"><i class=\"fas fa-caret-right\"><\/i><\/span>\n\t\t\t\t\t\t\t\t<span class=\"elementor-toggle-icon-opened\"><i class=\"elementor-toggle-icon-opened fas fa-caret-up\"><\/i><\/span>\n\t\t\t\t\t\t\t\t\t\t\t\t\t<\/span>\n\t\t\t\t\t\t\t\t\t\t\t\t<a class=\"elementor-toggle-title\" tabindex=\"0\">Qu'est-ce que l'Alhambra ?<\/a>\n\t\t\t\t\t<\/h3>\n\n\t\t\t\t\t<div id=\"elementor-tab-content-7421\" class=\"elementor-tab-content elementor-clearfix\" data-tab=\"1\" role=\"region\" aria-labelledby=\"elementor-tab-title-7421\"><p><span style=\"font-weight: 400;\">L&rsquo;Alhambra est une cit\u00e9 palatine situ\u00e9e \u00e0 Grenade (Espagne). Elle a \u00e9t\u00e9 construite en plusieurs \u00e9tapes entre le 13e et le 15e si\u00e8cles par les rois de la dynastie nasride de l&rsquo;\u00e9mirat de Grenade.<\/span><\/p><\/div>\n\t\t\t\t<\/div>\n\t\t\t\t\t\t\t<div class=\"elementor-toggle-item\">\n\t\t\t\t\t<h3 id=\"elementor-tab-title-7422\" class=\"elementor-tab-title\" data-tab=\"2\" role=\"button\" aria-controls=\"elementor-tab-content-7422\" aria-expanded=\"false\">\n\t\t\t\t\t\t\t\t\t\t\t\t<span class=\"elementor-toggle-icon elementor-toggle-icon-left\" aria-hidden=\"true\">\n\t\t\t\t\t\t\t\t\t\t\t\t\t\t\t<span class=\"elementor-toggle-icon-closed\"><i class=\"fas fa-caret-right\"><\/i><\/span>\n\t\t\t\t\t\t\t\t<span class=\"elementor-toggle-icon-opened\"><i class=\"elementor-toggle-icon-opened fas fa-caret-up\"><\/i><\/span>\n\t\t\t\t\t\t\t\t\t\t\t\t\t<\/span>\n\t\t\t\t\t\t\t\t\t\t\t\t<a class=\"elementor-toggle-title\" tabindex=\"0\">Pourquoi acheter des billets pour l'Alhambra \u00e0 l'avance ?<\/a>\n\t\t\t\t\t<\/h3>\n\n\t\t\t\t\t<div id=\"elementor-tab-content-7422\" class=\"elementor-tab-content elementor-clearfix\" data-tab=\"2\" role=\"region\" aria-labelledby=\"elementor-tab-title-7422\"><p><span style=\"font-weight: 400;\">L&rsquo;Alhambra n&rsquo;offre qu&rsquo;un nombre limit\u00e9 de billets par jour, et ceux-ci ont tendance \u00e0 se vendre rapidement.<\/span><\/p><p><span style=\"font-weight: 400;\">N&rsquo;oubliez pas que la visite de l&rsquo;Alhambra est une exp\u00e9rience unique. Ne ratez pas cette occasion, assurez votre billet en r\u00e9servant bien \u00e0 l&rsquo;avance, planifiez et r\u00e9servez votre place d\u00e8s que possible pour cr\u00e9er des souvenirs inoubliables!<\/span><\/p><\/div>\n\t\t\t\t<\/div>\n\t\t\t\t\t\t\t<div class=\"elementor-toggle-item\">\n\t\t\t\t\t<h3 id=\"elementor-tab-title-7423\" class=\"elementor-tab-title\" data-tab=\"3\" role=\"button\" aria-controls=\"elementor-tab-content-7423\" aria-expanded=\"false\">\n\t\t\t\t\t\t\t\t\t\t\t\t<span class=\"elementor-toggle-icon elementor-toggle-icon-left\" aria-hidden=\"true\">\n\t\t\t\t\t\t\t\t\t\t\t\t\t\t\t<span class=\"elementor-toggle-icon-closed\"><i class=\"fas fa-caret-right\"><\/i><\/span>\n\t\t\t\t\t\t\t\t<span class=\"elementor-toggle-icon-opened\"><i class=\"elementor-toggle-icon-opened fas fa-caret-up\"><\/i><\/span>\n\t\t\t\t\t\t\t\t\t\t\t\t\t<\/span>\n\t\t\t\t\t\t\t\t\t\t\t\t<a class=\"elementor-toggle-title\" tabindex=\"0\">Est-il possible de se garer \u00e0 l'Alhambra ?<\/a>\n\t\t\t\t\t<\/h3>\n\n\t\t\t\t\t<div id=\"elementor-tab-content-7423\" class=\"elementor-tab-content elementor-clearfix\" data-tab=\"3\" role=\"region\" aria-labelledby=\"elementor-tab-title-7423\"><p><span style=\"font-weight: 400;\">Le parking compte environ 500 places et est surveill\u00e9 24 heures sur 24. Il y a quatre zones, dont une pour les autobus et les caravanes. Le prix est de 2,82 euros par heure. Le stationnement peut \u00eatre difficile \u00e0 trouver.<\/span><\/p><\/div>\n\t\t\t\t<\/div>\n\t\t\t\t\t\t\t<div class=\"elementor-toggle-item\">\n\t\t\t\t\t<h3 id=\"elementor-tab-title-7424\" class=\"elementor-tab-title\" data-tab=\"4\" role=\"button\" aria-controls=\"elementor-tab-content-7424\" aria-expanded=\"false\">\n\t\t\t\t\t\t\t\t\t\t\t\t<span class=\"elementor-toggle-icon elementor-toggle-icon-left\" aria-hidden=\"true\">\n\t\t\t\t\t\t\t\t\t\t\t\t\t\t\t<span class=\"elementor-toggle-icon-closed\"><i class=\"fas fa-caret-right\"><\/i><\/span>\n\t\t\t\t\t\t\t\t<span class=\"elementor-toggle-icon-opened\"><i class=\"elementor-toggle-icon-opened fas fa-caret-up\"><\/i><\/span>\n\t\t\t\t\t\t\t\t\t\t\t\t\t<\/span>\n\t\t\t\t\t\t\t\t\t\t\t\t<a class=\"elementor-toggle-title\" tabindex=\"0\">Est-il possible de visiter l'Alhambra avec des poussettes ?<\/a>\n\t\t\t\t\t<\/h3>\n\n\t\t\t\t\t<div id=\"elementor-tab-content-7424\" class=\"elementor-tab-content elementor-clearfix\" data-tab=\"4\" role=\"region\" aria-labelledby=\"elementor-tab-title-7424\"><p><span style=\"font-weight: 400;\">Nous sommes toujours heureux d&rsquo;avoir des enfants lors de nos visites, mais malheureusement les poussettes sont interdites dans les palais. De plus, les pav\u00e9s et les irr\u00e9gularit\u00e9s rendent les d\u00e9placements tr\u00e8s difficiles. Il est donc conseill\u00e9 d&rsquo;utiliser des porte-b\u00e9b\u00e9s.<\/span><\/p><p><span style=\"font-weight: 400;\">L&rsquo;Alhambra propose un service gratuit d&rsquo;entreposage de poussettes et de pr\u00eat de porte-b\u00e9b\u00e9s au vestiaire de la Puerta del Vino. Voici quelques recommandations pour visiter l&rsquo;Alhambra.<\/span><\/p><\/div>\n\t\t\t\t<\/div>\n\t\t\t\t\t\t\t<div class=\"elementor-toggle-item\">\n\t\t\t\t\t<h3 id=\"elementor-tab-title-7425\" class=\"elementor-tab-title\" data-tab=\"5\" role=\"button\" aria-controls=\"elementor-tab-content-7425\" aria-expanded=\"false\">\n\t\t\t\t\t\t\t\t\t\t\t\t<span class=\"elementor-toggle-icon elementor-toggle-icon-left\" aria-hidden=\"true\">\n\t\t\t\t\t\t\t\t\t\t\t\t\t\t\t<span class=\"elementor-toggle-icon-closed\"><i class=\"fas fa-caret-right\"><\/i><\/span>\n\t\t\t\t\t\t\t\t<span class=\"elementor-toggle-icon-opened\"><i class=\"elementor-toggle-icon-opened fas fa-caret-up\"><\/i><\/span>\n\t\t\t\t\t\t\t\t\t\t\t\t\t<\/span>\n\t\t\t\t\t\t\t\t\t\t\t\t<a class=\"elementor-toggle-title\" tabindex=\"0\">Puis-je rester dans l'Alhambra apr\u00e8s ma visite ?<\/a>\n\t\t\t\t\t<\/h3>\n\n\t\t\t\t\t<div id=\"elementor-tab-content-7425\" class=\"elementor-tab-content elementor-clearfix\" data-tab=\"5\" role=\"region\" aria-labelledby=\"elementor-tab-title-7425\"><p><span style=\"font-weight: 400;\">Vous ne pouvez acc\u00e9der qu&rsquo;une seule fois \u00e0 tous les lieux de l&rsquo;Alhambra (Alcazaba, Palais Nasrides, Partal et Generalife). Cependant, vous pouvez rester dans les zones d&rsquo;acc\u00e8s libre aussi longtemps que vous le souhaitez.<\/span><\/p><\/div>\n\t\t\t\t<\/div>\n\t\t\t\t\t\t\t<div class=\"elementor-toggle-item\">\n\t\t\t\t\t<h3 id=\"elementor-tab-title-7426\" class=\"elementor-tab-title\" data-tab=\"6\" role=\"button\" aria-controls=\"elementor-tab-content-7426\" aria-expanded=\"false\">\n\t\t\t\t\t\t\t\t\t\t\t\t<span class=\"elementor-toggle-icon elementor-toggle-icon-left\" aria-hidden=\"true\">\n\t\t\t\t\t\t\t\t\t\t\t\t\t\t\t<span class=\"elementor-toggle-icon-closed\"><i class=\"fas fa-caret-right\"><\/i><\/span>\n\t\t\t\t\t\t\t\t<span class=\"elementor-toggle-icon-opened\"><i class=\"elementor-toggle-icon-opened fas fa-caret-up\"><\/i><\/span>\n\t\t\t\t\t\t\t\t\t\t\t\t\t<\/span>\n\t\t\t\t\t\t\t\t\t\t\t\t<a class=\"elementor-toggle-title\" tabindex=\"0\">Puis-je emporter un sac \u00e0 dos ou une valise \u00e0 l'int\u00e9rieur de l'Alhambra ?<\/a>\n\t\t\t\t\t<\/h3>\n\n\t\t\t\t\t<div id=\"elementor-tab-content-7426\" class=\"elementor-tab-content elementor-clearfix\" data-tab=\"6\" role=\"region\" aria-labelledby=\"elementor-tab-title-7426\"><p><span style=\"font-weight: 400;\">Les valises ne sont pas autoris\u00e9es. Afin de prot\u00e9ger les d\u00e9licates d\u00e9corations du monument, nous vous rappelons que les sacs \u00e0 dos ou les valises doivent avoir des dimensions inf\u00e9rieures \u00e0 40 x 40 cm.<\/span><\/p><p><span style=\"font-weight: 400;\">L&rsquo;Alhambra dispose d&rsquo;un service de consigne gratuit pour vos valises ou grands sacs \u00e0 dos. Ce service se trouve dans le pavillon d&rsquo;entr\u00e9e et dans le b\u00e2timent situ\u00e9 \u00e0 c\u00f4t\u00e9 de la Porte des vins. La disponibilit\u00e9 est limit\u00e9e.<\/span><\/p><\/div>\n\t\t\t\t<\/div>\n\t\t\t\t\t\t\t<div class=\"elementor-toggle-item\">\n\t\t\t\t\t<h3 id=\"elementor-tab-title-7427\" class=\"elementor-tab-title\" data-tab=\"7\" role=\"button\" aria-controls=\"elementor-tab-content-7427\" aria-expanded=\"false\">\n\t\t\t\t\t\t\t\t\t\t\t\t<span class=\"elementor-toggle-icon elementor-toggle-icon-left\" aria-hidden=\"true\">\n\t\t\t\t\t\t\t\t\t\t\t\t\t\t\t<span class=\"elementor-toggle-icon-closed\"><i class=\"fas fa-caret-right\"><\/i><\/span>\n\t\t\t\t\t\t\t\t<span class=\"elementor-toggle-icon-opened\"><i class=\"elementor-toggle-icon-opened fas fa-caret-up\"><\/i><\/span>\n\t\t\t\t\t\t\t\t\t\t\t\t\t<\/span>\n\t\t\t\t\t\t\t\t\t\t\t\t<a class=\"elementor-toggle-title\" tabindex=\"0\">Quelles sont les heures d'ouverture de l'Alhambra ?<\/a>\n\t\t\t\t\t<\/h3>\n\n\t\t\t\t\t<div id=\"elementor-tab-content-7427\" class=\"elementor-tab-content elementor-clearfix\" data-tab=\"7\" role=\"region\" aria-labelledby=\"elementor-tab-title-7427\"><p><span style=\"font-weight: 400;\">Les heures d&rsquo;ouverture de l&rsquo;Alhambra varient en fonction de la p\u00e9riode de l&rsquo;ann\u00e9e. En g\u00e9n\u00e9ral, le complexe est ouvert de 8h30 \u00e0 20h00, mais vous pouvez consulter le site officiel pour conna\u00eetre les heures d&rsquo;ouverture sp\u00e9cifiques.<\/span><\/p><\/div>\n\t\t\t\t<\/div>\n\t\t\t\t\t\t\t<div class=\"elementor-toggle-item\">\n\t\t\t\t\t<h3 id=\"elementor-tab-title-7428\" class=\"elementor-tab-title\" data-tab=\"8\" role=\"button\" aria-controls=\"elementor-tab-content-7428\" aria-expanded=\"false\">\n\t\t\t\t\t\t\t\t\t\t\t\t<span class=\"elementor-toggle-icon elementor-toggle-icon-left\" aria-hidden=\"true\">\n\t\t\t\t\t\t\t\t\t\t\t\t\t\t\t<span class=\"elementor-toggle-icon-closed\"><i class=\"fas fa-caret-right\"><\/i><\/span>\n\t\t\t\t\t\t\t\t<span class=\"elementor-toggle-icon-opened\"><i class=\"elementor-toggle-icon-opened fas fa-caret-up\"><\/i><\/span>\n\t\t\t\t\t\t\t\t\t\t\t\t\t<\/span>\n\t\t\t\t\t\t\t\t\t\t\t\t<a class=\"elementor-toggle-title\" tabindex=\"0\">Que dois-je porter pour visiter l'Alhambra ?<\/a>\n\t\t\t\t\t<\/h3>\n\n\t\t\t\t\t<div id=\"elementor-tab-content-7428\" class=\"elementor-tab-content elementor-clearfix\" data-tab=\"8\" role=\"region\" aria-labelledby=\"elementor-tab-title-7428\"><p><span style=\"font-weight: 400;\">Il est conseill\u00e9 de porter des chaussures confortables et de s&rsquo;habiller en fonction du temps, car vous marcherez \u00e0 l&rsquo;int\u00e9rieur et \u00e0 l&rsquo;ext\u00e9rieur du complexe. Il est conseill\u00e9 de porter un chapeau au printemps et en \u00e9t\u00e9 et des v\u00eatements chauds en hiver.<\/span><\/p><\/div>\n\t\t\t\t<\/div>\n\t\t\t\t\t\t\t<div class=\"elementor-toggle-item\">\n\t\t\t\t\t<h3 id=\"elementor-tab-title-7429\" class=\"elementor-tab-title\" data-tab=\"9\" role=\"button\" aria-controls=\"elementor-tab-content-7429\" aria-expanded=\"false\">\n\t\t\t\t\t\t\t\t\t\t\t\t<span class=\"elementor-toggle-icon elementor-toggle-icon-left\" aria-hidden=\"true\">\n\t\t\t\t\t\t\t\t\t\t\t\t\t\t\t<span class=\"elementor-toggle-icon-closed\"><i class=\"fas fa-caret-right\"><\/i><\/span>\n\t\t\t\t\t\t\t\t<span class=\"elementor-toggle-icon-opened\"><i class=\"elementor-toggle-icon-opened fas fa-caret-up\"><\/i><\/span>\n\t\t\t\t\t\t\t\t\t\t\t\t\t<\/span>\n\t\t\t\t\t\t\t\t\t\t\t\t<a class=\"elementor-toggle-title\" tabindex=\"0\">Puis-je visiter l'Alhambra sans guide ?<\/a>\n\t\t\t\t\t<\/h3>\n\n\t\t\t\t\t<div id=\"elementor-tab-content-7429\" class=\"elementor-tab-content elementor-clearfix\" data-tab=\"9\" role=\"region\" aria-labelledby=\"elementor-tab-title-7429\"><p><span style=\"font-weight: 400;\">Vous pouvez visiter l&rsquo;Alhambra sans guide, mais il est recommand\u00e9 d&rsquo;en engager un pour conna\u00eetre l&rsquo;histoire et l&rsquo;importance du complexe. Nous recommandons nos visites guid\u00e9es de l&rsquo;Alhambra.<\/span><\/p><\/div>\n\t\t\t\t<\/div>\n\t\t\t\t\t\t\t<div class=\"elementor-toggle-item\">\n\t\t\t\t\t<h3 id=\"elementor-tab-title-74210\" class=\"elementor-tab-title\" data-tab=\"10\" role=\"button\" aria-controls=\"elementor-tab-content-74210\" aria-expanded=\"false\">\n\t\t\t\t\t\t\t\t\t\t\t\t<span class=\"elementor-toggle-icon elementor-toggle-icon-left\" aria-hidden=\"true\">\n\t\t\t\t\t\t\t\t\t\t\t\t\t\t\t<span class=\"elementor-toggle-icon-closed\"><i class=\"fas fa-caret-right\"><\/i><\/span>\n\t\t\t\t\t\t\t\t<span class=\"elementor-toggle-icon-opened\"><i class=\"elementor-toggle-icon-opened fas fa-caret-up\"><\/i><\/span>\n\t\t\t\t\t\t\t\t\t\t\t\t\t<\/span>\n\t\t\t\t\t\t\t\t\t\t\t\t<a class=\"elementor-toggle-title\" tabindex=\"0\">Quelle est la dur\u00e9e d'une visite \u00e0 l'Alhambra ?<\/a>\n\t\t\t\t\t<\/h3>\n\n\t\t\t\t\t<div id=\"elementor-tab-content-74210\" class=\"elementor-tab-content elementor-clearfix\" data-tab=\"10\" role=\"region\" aria-labelledby=\"elementor-tab-title-74210\"><p><span style=\"font-weight: 400;\">Une visite de l&rsquo;Alhambra peut durer entre 2 et 4 heures, en fonction de ce que vous voulez voir du complexe. Planifiez \u00e0 l&rsquo;avance et pr\u00e9voyez suffisamment de temps pour explorer l&rsquo;Alhambra.<\/span><\/p><\/div>\n\t\t\t\t<\/div>\n\t\t\t\t\t\t\t<div class=\"elementor-toggle-item\">\n\t\t\t\t\t<h3 id=\"elementor-tab-title-74211\" class=\"elementor-tab-title\" data-tab=\"11\" role=\"button\" aria-controls=\"elementor-tab-content-74211\" aria-expanded=\"false\">\n\t\t\t\t\t\t\t\t\t\t\t\t<span class=\"elementor-toggle-icon elementor-toggle-icon-left\" aria-hidden=\"true\">\n\t\t\t\t\t\t\t\t\t\t\t\t\t\t\t<span class=\"elementor-toggle-icon-closed\"><i class=\"fas fa-caret-right\"><\/i><\/span>\n\t\t\t\t\t\t\t\t<span class=\"elementor-toggle-icon-opened\"><i class=\"elementor-toggle-icon-opened fas fa-caret-up\"><\/i><\/span>\n\t\t\t\t\t\t\t\t\t\t\t\t\t<\/span>\n\t\t\t\t\t\t\t\t\t\t\t\t<a class=\"elementor-toggle-title\" tabindex=\"0\">Puis-je prendre des photos \u00e0 l'int\u00e9rieur de l'Alhambra ?<\/a>\n\t\t\t\t\t<\/h3>\n\n\t\t\t\t\t<div id=\"elementor-tab-content-74211\" class=\"elementor-tab-content elementor-clearfix\" data-tab=\"11\" role=\"region\" aria-labelledby=\"elementor-tab-title-74211\"><p><span style=\"font-weight: 400;\">Oui, vous pouvez prendre des photos \u00e0 l&rsquo;int\u00e9rieur de l&rsquo;Alhambra, mais respectez les autres visiteurs et n&rsquo;utilisez pas de flash.<\/span><\/p><\/div>\n\t\t\t\t<\/div>\n\t\t\t\t\t\t\t<div class=\"elementor-toggle-item\">\n\t\t\t\t\t<h3 id=\"elementor-tab-title-74212\" class=\"elementor-tab-title\" data-tab=\"12\" role=\"button\" aria-controls=\"elementor-tab-content-74212\" aria-expanded=\"false\">\n\t\t\t\t\t\t\t\t\t\t\t\t<span class=\"elementor-toggle-icon elementor-toggle-icon-left\" aria-hidden=\"true\">\n\t\t\t\t\t\t\t\t\t\t\t\t\t\t\t<span class=\"elementor-toggle-icon-closed\"><i class=\"fas fa-caret-right\"><\/i><\/span>\n\t\t\t\t\t\t\t\t<span class=\"elementor-toggle-icon-opened\"><i class=\"elementor-toggle-icon-opened fas fa-caret-up\"><\/i><\/span>\n\t\t\t\t\t\t\t\t\t\t\t\t\t<\/span>\n\t\t\t\t\t\t\t\t\t\t\t\t<a class=\"elementor-toggle-title\" tabindex=\"0\">Y a-t-il des restaurants ou des caf\u00e9s \u00e0 l'int\u00e9rieur de l'Alhambra ?<\/a>\n\t\t\t\t\t<\/h3>\n\n\t\t\t\t\t<div id=\"elementor-tab-content-74212\" class=\"elementor-tab-content elementor-clearfix\" data-tab=\"12\" role=\"region\" aria-labelledby=\"elementor-tab-title-74212\"><p><span style=\"font-weight: 400;\">Pour des raisons de conservation du monument, il est interdit de manger pendant la visite de l&rsquo;Alhambra. \u00c0 l&rsquo;int\u00e9rieur de l&rsquo;Alhambra, vous trouverez des distributeurs de boissons et de nourriture dans le pavillon d&rsquo;entr\u00e9e ou dans le pavillon de service situ\u00e9 \u00e0 c\u00f4t\u00e9 de la Porte des Vins. Cependant, il y a plusieurs restaurants agr\u00e9ables autour de l&rsquo;Alhambra o\u00f9 vous pouvez manger un morceau ou boire un verre.<\/span><\/p><\/div>\n\t\t\t\t<\/div>\n\t\t\t\t\t\t\t<div class=\"elementor-toggle-item\">\n\t\t\t\t\t<h3 id=\"elementor-tab-title-74213\" class=\"elementor-tab-title\" data-tab=\"13\" role=\"button\" aria-controls=\"elementor-tab-content-74213\" aria-expanded=\"false\">\n\t\t\t\t\t\t\t\t\t\t\t\t<span class=\"elementor-toggle-icon elementor-toggle-icon-left\" aria-hidden=\"true\">\n\t\t\t\t\t\t\t\t\t\t\t\t\t\t\t<span class=\"elementor-toggle-icon-closed\"><i class=\"fas fa-caret-right\"><\/i><\/span>\n\t\t\t\t\t\t\t\t<span class=\"elementor-toggle-icon-opened\"><i class=\"elementor-toggle-icon-opened fas fa-caret-up\"><\/i><\/span>\n\t\t\t\t\t\t\t\t\t\t\t\t\t<\/span>\n\t\t\t\t\t\t\t\t\t\t\t\t<a class=\"elementor-toggle-title\" tabindex=\"0\">Fauteuils roulants dans l'Alhambra et mobilit\u00e9 r\u00e9duite<\/a>\n\t\t\t\t\t<\/h3>\n\n\t\t\t\t\t<div id=\"elementor-tab-content-74213\" class=\"elementor-tab-content elementor-clearfix\" data-tab=\"13\" role=\"region\" aria-labelledby=\"elementor-tab-title-74213\"><p><span style=\"font-weight: 400;\">Certaines zones, comme le Generalife et les palais, sont partiellement adapt\u00e9es aux personnes \u00e0 mobilit\u00e9 r\u00e9duite ou en fauteuil roulant. En revanche, d&rsquo;autres zones, comme l&rsquo;Alcazaba, ne le sont pas, car elles comportent de nombreuses marches et des sols pav\u00e9s.<\/span><\/p><p><span style=\"font-weight: 400;\">En cas de besoin, le Patronat de l&rsquo;Alhambra et du G\u00e9n\u00e9ralife propose un service de pr\u00eat de fauteuils roulants, selon les disponibilit\u00e9s, qui peuvent \u00eatre retir\u00e9es au pavillon d&rsquo;entr\u00e9e.<\/span><\/p><\/div>\n\t\t\t\t<\/div>\n\t\t\t\t\t\t\t<div class=\"elementor-toggle-item\">\n\t\t\t\t\t<h3 id=\"elementor-tab-title-74214\" class=\"elementor-tab-title\" data-tab=\"14\" role=\"button\" aria-controls=\"elementor-tab-content-74214\" aria-expanded=\"false\">\n\t\t\t\t\t\t\t\t\t\t\t\t<span class=\"elementor-toggle-icon elementor-toggle-icon-left\" aria-hidden=\"true\">\n\t\t\t\t\t\t\t\t\t\t\t\t\t\t\t<span class=\"elementor-toggle-icon-closed\"><i class=\"fas fa-caret-right\"><\/i><\/span>\n\t\t\t\t\t\t\t\t<span class=\"elementor-toggle-icon-opened\"><i class=\"elementor-toggle-icon-opened fas fa-caret-up\"><\/i><\/span>\n\t\t\t\t\t\t\t\t\t\t\t\t\t<\/span>\n\t\t\t\t\t\t\t\t\t\t\t\t<a class=\"elementor-toggle-title\" tabindex=\"0\">Puis-je visiter l'Alhambra de nuit ?<\/a>\n\t\t\t\t\t<\/h3>\n\n\t\t\t\t\t<div id=\"elementor-tab-content-74214\" class=\"elementor-tab-content elementor-clearfix\" data-tab=\"14\" role=\"region\" aria-labelledby=\"elementor-tab-title-74214\"><p><span style=\"font-weight: 400;\">Oui, des visites nocturnes sont possibles dans certaines zones de l&rsquo;Alhambra, mais les billets doivent \u00eatre achet\u00e9s \u00e0 l&rsquo;avance.<\/span><\/p><p><span style=\"font-weight: 400;\">Chez Cicerone, nous proposons une visite guid\u00e9e de l&rsquo;Alhambra de nuit pour explorer les myst\u00e8res de l&rsquo;Alhambra dans l&rsquo;ombre et la lumi\u00e8re.<\/span><\/p><\/div>\n\t\t\t\t<\/div>\n\t\t\t\t\t\t\t<div class=\"elementor-toggle-item\">\n\t\t\t\t\t<h3 id=\"elementor-tab-title-74215\" class=\"elementor-tab-title\" data-tab=\"15\" role=\"button\" aria-controls=\"elementor-tab-content-74215\" aria-expanded=\"false\">\n\t\t\t\t\t\t\t\t\t\t\t\t<span class=\"elementor-toggle-icon elementor-toggle-icon-left\" aria-hidden=\"true\">\n\t\t\t\t\t\t\t\t\t\t\t\t\t\t\t<span class=\"elementor-toggle-icon-closed\"><i class=\"fas fa-caret-right\"><\/i><\/span>\n\t\t\t\t\t\t\t\t<span class=\"elementor-toggle-icon-opened\"><i class=\"elementor-toggle-icon-opened fas fa-caret-up\"><\/i><\/span>\n\t\t\t\t\t\t\t\t\t\t\t\t\t<\/span>\n\t\t\t\t\t\t\t\t\t\t\t\t<a class=\"elementor-toggle-title\" tabindex=\"0\">Qu'est-ce que les Palais Nasrides ?<\/a>\n\t\t\t\t\t<\/h3>\n\n\t\t\t\t\t<div id=\"elementor-tab-content-74215\" class=\"elementor-tab-content elementor-clearfix\" data-tab=\"15\" role=\"region\" aria-labelledby=\"elementor-tab-title-74215\"><p><span style=\"font-weight: 400;\">Les Palais Nasrides sont un ensemble impressionnant de palais situ\u00e9s dans le complexe de l&rsquo;Alhambra \u00e0 Grenade, construits par la dynastie nasride au cours des XIIIe et XIVe si\u00e8cles. Il s&rsquo;agit d&rsquo;une partie incontournable de l&rsquo;Alhambra, qui pr\u00e9sente une architecture et un design islamiques complexes, et comprend trois palais principaux : le Mexuar, le palais de Comares et le palais des Lions. En raison de sa popularit\u00e9, il est important de r\u00e9server les billets longtemps \u00e0 l&rsquo;avance.<\/span><\/p><\/div>\n\t\t\t\t<\/div>\n\t\t\t\t\t\t\t\t\t\t<script type=\"application\/ld+json\">{\"@context\":\"https:\\\/\\\/schema.org\",\"@type\":\"FAQPage\",\"mainEntity\":[{\"@type\":\"Question\",\"name\":\"Qu'est-ce que l'Alhambra ?\",\"acceptedAnswer\":{\"@type\":\"Answer\",\"text\":\"<p><span style=\\\"font-weight: 400;\\\">L&rsquo;Alhambra est une cit\\u00e9 palatine situ\\u00e9e \\u00e0 Grenade (Espagne). Elle a \\u00e9t\\u00e9 construite en plusieurs \\u00e9tapes entre le 13e et le 15e si\\u00e8cles par les rois de la dynastie nasride de l&rsquo;\\u00e9mirat de Grenade.<\\\/span><\\\/p>\"}},{\"@type\":\"Question\",\"name\":\"Pourquoi acheter des billets pour l'Alhambra \\u00e0 l'avance ?\",\"acceptedAnswer\":{\"@type\":\"Answer\",\"text\":\"<p><span style=\\\"font-weight: 400;\\\">L&rsquo;Alhambra n&rsquo;offre qu&rsquo;un nombre limit\\u00e9 de billets par jour, et ceux-ci ont tendance \\u00e0 se vendre rapidement.<\\\/span><\\\/p><p><span style=\\\"font-weight: 400;\\\">N&rsquo;oubliez pas que la visite de l&rsquo;Alhambra est une exp\\u00e9rience unique. Ne ratez pas cette occasion, assurez votre billet en r\\u00e9servant bien \\u00e0 l&rsquo;avance, planifiez et r\\u00e9servez votre place d\\u00e8s que possible pour cr\\u00e9er des souvenirs inoubliables!<\\\/span><\\\/p>\"}},{\"@type\":\"Question\",\"name\":\"Est-il possible de se garer \\u00e0 l'Alhambra ?\",\"acceptedAnswer\":{\"@type\":\"Answer\",\"text\":\"<p><span style=\\\"font-weight: 400;\\\">Le parking compte environ 500 places et est surveill\\u00e9 24 heures sur 24. Il y a quatre zones, dont une pour les autobus et les caravanes. Le prix est de 2,82 euros par heure. Le stationnement peut \\u00eatre difficile \\u00e0 trouver.<\\\/span><\\\/p>\"}},{\"@type\":\"Question\",\"name\":\"Est-il possible de visiter l'Alhambra avec des poussettes ?\",\"acceptedAnswer\":{\"@type\":\"Answer\",\"text\":\"<p><span style=\\\"font-weight: 400;\\\">Nous sommes toujours heureux d&rsquo;avoir des enfants lors de nos visites, mais malheureusement les poussettes sont interdites dans les palais. De plus, les pav\\u00e9s et les irr\\u00e9gularit\\u00e9s rendent les d\\u00e9placements tr\\u00e8s difficiles. Il est donc conseill\\u00e9 d&rsquo;utiliser des porte-b\\u00e9b\\u00e9s.<\\\/span><\\\/p><p><span style=\\\"font-weight: 400;\\\">L&rsquo;Alhambra propose un service gratuit d&rsquo;entreposage de poussettes et de pr\\u00eat de porte-b\\u00e9b\\u00e9s au vestiaire de la Puerta del Vino. Voici quelques recommandations pour visiter l&rsquo;Alhambra.<\\\/span><\\\/p>\"}},{\"@type\":\"Question\",\"name\":\"Puis-je rester dans l'Alhambra apr\\u00e8s ma visite ?\",\"acceptedAnswer\":{\"@type\":\"Answer\",\"text\":\"<p><span style=\\\"font-weight: 400;\\\">Vous ne pouvez acc\\u00e9der qu&rsquo;une seule fois \\u00e0 tous les lieux de l&rsquo;Alhambra (Alcazaba, Palais Nasrides, Partal et Generalife). Cependant, vous pouvez rester dans les zones d&rsquo;acc\\u00e8s libre aussi longtemps que vous le souhaitez.<\\\/span><\\\/p>\"}},{\"@type\":\"Question\",\"name\":\"Puis-je emporter un sac \\u00e0 dos ou une valise \\u00e0 l'int\\u00e9rieur de l'Alhambra ?\",\"acceptedAnswer\":{\"@type\":\"Answer\",\"text\":\"<p><span style=\\\"font-weight: 400;\\\">Les valises ne sont pas autoris\\u00e9es. Afin de prot\\u00e9ger les d\\u00e9licates d\\u00e9corations du monument, nous vous rappelons que les sacs \\u00e0 dos ou les valises doivent avoir des dimensions inf\\u00e9rieures \\u00e0 40 x 40 cm.<\\\/span><\\\/p><p><span style=\\\"font-weight: 400;\\\">L&rsquo;Alhambra dispose d&rsquo;un service de consigne gratuit pour vos valises ou grands sacs \\u00e0 dos. Ce service se trouve dans le pavillon d&rsquo;entr\\u00e9e et dans le b\\u00e2timent situ\\u00e9 \\u00e0 c\\u00f4t\\u00e9 de la Porte des vins. La disponibilit\\u00e9 est limit\\u00e9e.<\\\/span><\\\/p>\"}},{\"@type\":\"Question\",\"name\":\"Quelles sont les heures d'ouverture de l'Alhambra ?\",\"acceptedAnswer\":{\"@type\":\"Answer\",\"text\":\"<p><span style=\\\"font-weight: 400;\\\">Les heures d&rsquo;ouverture de l&rsquo;Alhambra varient en fonction de la p\\u00e9riode de l&rsquo;ann\\u00e9e. En g\\u00e9n\\u00e9ral, le complexe est ouvert de 8h30 \\u00e0 20h00, mais vous pouvez consulter le site officiel pour conna\\u00eetre les heures d&rsquo;ouverture sp\\u00e9cifiques.<\\\/span><\\\/p>\"}},{\"@type\":\"Question\",\"name\":\"Que dois-je porter pour visiter l'Alhambra ?\",\"acceptedAnswer\":{\"@type\":\"Answer\",\"text\":\"<p><span style=\\\"font-weight: 400;\\\">Il est conseill\\u00e9 de porter des chaussures confortables et de s&rsquo;habiller en fonction du temps, car vous marcherez \\u00e0 l&rsquo;int\\u00e9rieur et \\u00e0 l&rsquo;ext\\u00e9rieur du complexe. Il est conseill\\u00e9 de porter un chapeau au printemps et en \\u00e9t\\u00e9 et des v\\u00eatements chauds en hiver.<\\\/span><\\\/p>\"}},{\"@type\":\"Question\",\"name\":\"Puis-je visiter l'Alhambra sans guide ?\",\"acceptedAnswer\":{\"@type\":\"Answer\",\"text\":\"<p><span style=\\\"font-weight: 400;\\\">Vous pouvez visiter l&rsquo;Alhambra sans guide, mais il est recommand\\u00e9 d&rsquo;en engager un pour conna\\u00eetre l&rsquo;histoire et l&rsquo;importance du complexe. Nous recommandons nos visites guid\\u00e9es de l&rsquo;Alhambra.<\\\/span><\\\/p>\"}},{\"@type\":\"Question\",\"name\":\"Quelle est la dur\\u00e9e d'une visite \\u00e0 l'Alhambra ?\",\"acceptedAnswer\":{\"@type\":\"Answer\",\"text\":\"<p><span style=\\\"font-weight: 400;\\\">Une visite de l&rsquo;Alhambra peut durer entre 2 et 4 heures, en fonction de ce que vous voulez voir du complexe. Planifiez \\u00e0 l&rsquo;avance et pr\\u00e9voyez suffisamment de temps pour explorer l&rsquo;Alhambra.<\\\/span><\\\/p>\"}},{\"@type\":\"Question\",\"name\":\"Puis-je prendre des photos \\u00e0 l'int\\u00e9rieur de l'Alhambra ?\",\"acceptedAnswer\":{\"@type\":\"Answer\",\"text\":\"<p><span style=\\\"font-weight: 400;\\\">Oui, vous pouvez prendre des photos \\u00e0 l&rsquo;int\\u00e9rieur de l&rsquo;Alhambra, mais respectez les autres visiteurs et n&rsquo;utilisez pas de flash.<\\\/span><\\\/p>\"}},{\"@type\":\"Question\",\"name\":\"Y a-t-il des restaurants ou des caf\\u00e9s \\u00e0 l'int\\u00e9rieur de l'Alhambra ?\",\"acceptedAnswer\":{\"@type\":\"Answer\",\"text\":\"<p><span style=\\\"font-weight: 400;\\\">Pour des raisons de conservation du monument, il est interdit de manger pendant la visite de l&rsquo;Alhambra. \\u00c0 l&rsquo;int\\u00e9rieur de l&rsquo;Alhambra, vous trouverez des distributeurs de boissons et de nourriture dans le pavillon d&rsquo;entr\\u00e9e ou dans le pavillon de service situ\\u00e9 \\u00e0 c\\u00f4t\\u00e9 de la Porte des Vins. Cependant, il y a plusieurs restaurants agr\\u00e9ables autour de l&rsquo;Alhambra o\\u00f9 vous pouvez manger un morceau ou boire un verre.<\\\/span><\\\/p>\"}},{\"@type\":\"Question\",\"name\":\"Fauteuils roulants dans l'Alhambra et mobilit\\u00e9 r\\u00e9duite\",\"acceptedAnswer\":{\"@type\":\"Answer\",\"text\":\"<p><span style=\\\"font-weight: 400;\\\">Certaines zones, comme le Generalife et les palais, sont partiellement adapt\\u00e9es aux personnes \\u00e0 mobilit\\u00e9 r\\u00e9duite ou en fauteuil roulant. En revanche, d&rsquo;autres zones, comme l&rsquo;Alcazaba, ne le sont pas, car elles comportent de nombreuses marches et des sols pav\\u00e9s.<\\\/span><\\\/p><p><span style=\\\"font-weight: 400;\\\">En cas de besoin, le Patronat de l&rsquo;Alhambra et du G\\u00e9n\\u00e9ralife propose un service de pr\\u00eat de fauteuils roulants, selon les disponibilit\\u00e9s, qui peuvent \\u00eatre retir\\u00e9es au pavillon d&rsquo;entr\\u00e9e.<\\\/span><\\\/p>\"}},{\"@type\":\"Question\",\"name\":\"Puis-je visiter l'Alhambra de nuit ?\",\"acceptedAnswer\":{\"@type\":\"Answer\",\"text\":\"<p><span style=\\\"font-weight: 400;\\\">Oui, des visites nocturnes sont possibles dans certaines zones de l&rsquo;Alhambra, mais les billets doivent \\u00eatre achet\\u00e9s \\u00e0 l&rsquo;avance.<\\\/span><\\\/p><p><span style=\\\"font-weight: 400;\\\">Chez Cicerone, nous proposons une visite guid\\u00e9e de l&rsquo;Alhambra de nuit pour explorer les myst\\u00e8res de l&rsquo;Alhambra dans l&rsquo;ombre et la lumi\\u00e8re.<\\\/span><\\\/p>\"}},{\"@type\":\"Question\",\"name\":\"Qu'est-ce que les Palais Nasrides ?\",\"acceptedAnswer\":{\"@type\":\"Answer\",\"text\":\"<p><span style=\\\"font-weight: 400;\\\">Les Palais Nasrides sont un ensemble impressionnant de palais situ\\u00e9s dans le complexe de l&rsquo;Alhambra \\u00e0 Grenade, construits par la dynastie nasride au cours des XIIIe et XIVe si\\u00e8cles. Il s&rsquo;agit d&rsquo;une partie incontournable de l&rsquo;Alhambra, qui pr\\u00e9sente une architecture et un design islamiques complexes, et comprend trois palais principaux : le Mexuar, le palais de Comares et le palais des Lions. En raison de sa popularit\\u00e9, il est important de r\\u00e9server les billets longtemps \\u00e0 l&rsquo;avance.<\\\/span><\\\/p>\"}}]}<\/script>\n\t\t\t\t\t<\/div>\n\t\t\t\t\t\t<\/div>\n\t\t\t\t<\/div>\n\t\t\t\t\t<\/div>\n\t\t<\/div>\n\t\t\t\t\t<\/div>\n\t\t<\/section>\n\t\t\t\t<section class=\"elementor-section elementor-top-section elementor-element elementor-element-9a31732 elementor-section-boxed elementor-section-height-default elementor-section-height-default\" data-id=\"9a31732\" data-element_type=\"section\">\n\t\t\t\t\t\t<div class=\"elementor-container elementor-column-gap-default\">\n\t\t\t\t\t<div class=\"elementor-column elementor-col-100 elementor-top-column elementor-element elementor-element-93aaf71\" data-id=\"93aaf71\" data-element_type=\"column\">\n\t\t\t<div class=\"elementor-widget-wrap elementor-element-populated\">\n\t\t\t\t\t\t<div class=\"elementor-element elementor-element-b64f837 elementor-widget elementor-widget-heading\" data-id=\"b64f837\" data-element_type=\"widget\" data-widget_type=\"heading.default\">\n\t\t\t\t<div class=\"elementor-widget-container\">\n\t\t\t\t\t<h2 class=\"elementor-heading-title elementor-size-default\">Questions fr\u00e9quemment pos\u00e9es sur nos visites guid\u00e9es\n<\/h2>\t\t\t\t<\/div>\n\t\t\t\t<\/div>\n\t\t\t\t<div class=\"elementor-element elementor-element-d79ee5e elementor-widget elementor-widget-toggle\" data-id=\"d79ee5e\" data-element_type=\"widget\" data-widget_type=\"toggle.default\">\n\t\t\t\t<div class=\"elementor-widget-container\">\n\t\t\t\t\t\t\t<div class=\"elementor-toggle\">\n\t\t\t\t\t\t\t<div class=\"elementor-toggle-item\">\n\t\t\t\t\t<h3 id=\"elementor-tab-title-2261\" class=\"elementor-tab-title\" data-tab=\"1\" role=\"button\" aria-controls=\"elementor-tab-content-2261\" aria-expanded=\"false\">\n\t\t\t\t\t\t\t\t\t\t\t\t<span class=\"elementor-toggle-icon elementor-toggle-icon-left\" aria-hidden=\"true\">\n\t\t\t\t\t\t\t\t\t\t\t\t\t\t\t<span class=\"elementor-toggle-icon-closed\"><i class=\"fas fa-caret-right\"><\/i><\/span>\n\t\t\t\t\t\t\t\t<span class=\"elementor-toggle-icon-opened\"><i class=\"elementor-toggle-icon-opened fas fa-caret-up\"><\/i><\/span>\n\t\t\t\t\t\t\t\t\t\t\t\t\t<\/span>\n\t\t\t\t\t\t\t\t\t\t\t\t<a class=\"elementor-toggle-title\" tabindex=\"0\">Quel est le point de rencontre ?<\/a>\n\t\t\t\t\t<\/h3>\n\n\t\t\t\t\t<div id=\"elementor-tab-content-2261\" class=\"elementor-tab-content elementor-clearfix\" data-tab=\"1\" role=\"region\" aria-labelledby=\"elementor-tab-title-2261\"><p><span style=\"font-weight: 400;\">Le point de rencontre est indiqu\u00e9 dans les descriptions des visites et, dans tous les cas, sur le bon de confirmation que vous recevez apr\u00e8s avoir effectu\u00e9 votre r\u00e9servation. Si vous avez des doutes, une fois arriv\u00e9 \u00e0 destination, vous pouvez appeler votre guide.<\/span><\/p><\/div>\n\t\t\t\t<\/div>\n\t\t\t\t\t\t\t<div class=\"elementor-toggle-item\">\n\t\t\t\t\t<h3 id=\"elementor-tab-title-2262\" class=\"elementor-tab-title\" data-tab=\"2\" role=\"button\" aria-controls=\"elementor-tab-content-2262\" aria-expanded=\"false\">\n\t\t\t\t\t\t\t\t\t\t\t\t<span class=\"elementor-toggle-icon elementor-toggle-icon-left\" aria-hidden=\"true\">\n\t\t\t\t\t\t\t\t\t\t\t\t\t\t\t<span class=\"elementor-toggle-icon-closed\"><i class=\"fas fa-caret-right\"><\/i><\/span>\n\t\t\t\t\t\t\t\t<span class=\"elementor-toggle-icon-opened\"><i class=\"elementor-toggle-icon-opened fas fa-caret-up\"><\/i><\/span>\n\t\t\t\t\t\t\t\t\t\t\t\t\t<\/span>\n\t\t\t\t\t\t\t\t\t\t\t\t<a class=\"elementor-toggle-title\" tabindex=\"0\">Dois-je imprimer le bon de confirmation ?<\/a>\n\t\t\t\t\t<\/h3>\n\n\t\t\t\t\t<div id=\"elementor-tab-content-2262\" class=\"elementor-tab-content elementor-clearfix\" data-tab=\"2\" role=\"region\" aria-labelledby=\"elementor-tab-title-2262\"><p><span style=\"font-weight: 400;\">Non, il n&rsquo;est pas n\u00e9cessaire d&rsquo;imprimer le bon de confirmation, vous pouvez le montrer sur votre t\u00e9l\u00e9phone portable.<\/span><\/p><\/div>\n\t\t\t\t<\/div>\n\t\t\t\t\t\t\t<div class=\"elementor-toggle-item\">\n\t\t\t\t\t<h3 id=\"elementor-tab-title-2263\" class=\"elementor-tab-title\" data-tab=\"3\" role=\"button\" aria-controls=\"elementor-tab-content-2263\" aria-expanded=\"false\">\n\t\t\t\t\t\t\t\t\t\t\t\t<span class=\"elementor-toggle-icon elementor-toggle-icon-left\" aria-hidden=\"true\">\n\t\t\t\t\t\t\t\t\t\t\t\t\t\t\t<span class=\"elementor-toggle-icon-closed\"><i class=\"fas fa-caret-right\"><\/i><\/span>\n\t\t\t\t\t\t\t\t<span class=\"elementor-toggle-icon-opened\"><i class=\"elementor-toggle-icon-opened fas fa-caret-up\"><\/i><\/span>\n\t\t\t\t\t\t\t\t\t\t\t\t\t<\/span>\n\t\t\t\t\t\t\t\t\t\t\t\t<a class=\"elementor-toggle-title\" tabindex=\"0\">Les visites peuvent-elles \u00eatre bilingues ?<\/a>\n\t\t\t\t\t<\/h3>\n\n\t\t\t\t\t<div id=\"elementor-tab-content-2263\" class=\"elementor-tab-content elementor-clearfix\" data-tab=\"3\" role=\"region\" aria-labelledby=\"elementor-tab-title-2263\"><p><span style=\"font-weight: 400;\">Non, nos visites guid\u00e9es se d\u00e9roulent dans une seule langue, celle choisie au moment de la r\u00e9servation.<\/span><\/p><\/div>\n\t\t\t\t<\/div>\n\t\t\t\t\t\t\t<div class=\"elementor-toggle-item\">\n\t\t\t\t\t<h3 id=\"elementor-tab-title-2264\" class=\"elementor-tab-title\" data-tab=\"4\" role=\"button\" aria-controls=\"elementor-tab-content-2264\" aria-expanded=\"false\">\n\t\t\t\t\t\t\t\t\t\t\t\t<span class=\"elementor-toggle-icon elementor-toggle-icon-left\" aria-hidden=\"true\">\n\t\t\t\t\t\t\t\t\t\t\t\t\t\t\t<span class=\"elementor-toggle-icon-closed\"><i class=\"fas fa-caret-right\"><\/i><\/span>\n\t\t\t\t\t\t\t\t<span class=\"elementor-toggle-icon-opened\"><i class=\"elementor-toggle-icon-opened fas fa-caret-up\"><\/i><\/span>\n\t\t\t\t\t\t\t\t\t\t\t\t\t<\/span>\n\t\t\t\t\t\t\t\t\t\t\t\t<a class=\"elementor-toggle-title\" tabindex=\"0\">Les r\u00e9servations peuvent-elles \u00eatre annul\u00e9es et quelles sont les conditions d'annulation ?<\/a>\n\t\t\t\t\t<\/h3>\n\n\t\t\t\t\t<div id=\"elementor-tab-content-2264\" class=\"elementor-tab-content elementor-clearfix\" data-tab=\"4\" role=\"region\" aria-labelledby=\"elementor-tab-title-2264\"><p><span style=\"font-weight: 400;\">Chaque visite d\u00e9crite sur notre site web comporte une section avec les conditions d&rsquo;annulation correspondantes, en fonction de chaque cas.<\/span><\/p><\/div>\n\t\t\t\t<\/div>\n\t\t\t\t\t\t\t<div class=\"elementor-toggle-item\">\n\t\t\t\t\t<h3 id=\"elementor-tab-title-2265\" class=\"elementor-tab-title\" data-tab=\"5\" role=\"button\" aria-controls=\"elementor-tab-content-2265\" aria-expanded=\"false\">\n\t\t\t\t\t\t\t\t\t\t\t\t<span class=\"elementor-toggle-icon elementor-toggle-icon-left\" aria-hidden=\"true\">\n\t\t\t\t\t\t\t\t\t\t\t\t\t\t\t<span class=\"elementor-toggle-icon-closed\"><i class=\"fas fa-caret-right\"><\/i><\/span>\n\t\t\t\t\t\t\t\t<span class=\"elementor-toggle-icon-opened\"><i class=\"elementor-toggle-icon-opened fas fa-caret-up\"><\/i><\/span>\n\t\t\t\t\t\t\t\t\t\t\t\t\t<\/span>\n\t\t\t\t\t\t\t\t\t\t\t\t<a class=\"elementor-toggle-title\" tabindex=\"0\">Comment s'effectue le remboursement en cas d'annulation ?<\/a>\n\t\t\t\t\t<\/h3>\n\n\t\t\t\t\t<div id=\"elementor-tab-content-2265\" class=\"elementor-tab-content elementor-clearfix\" data-tab=\"5\" role=\"region\" aria-labelledby=\"elementor-tab-title-2265\"><p><span style=\"font-weight: 400;\">En cas d&rsquo;annulation, le montant sera rembours\u00e9 en utilisant le m\u00eame moyen de paiement que celui utilis\u00e9 pour la r\u00e9servation.<\/span><\/p><\/div>\n\t\t\t\t<\/div>\n\t\t\t\t\t\t\t<div class=\"elementor-toggle-item\">\n\t\t\t\t\t<h3 id=\"elementor-tab-title-2266\" class=\"elementor-tab-title\" data-tab=\"6\" role=\"button\" aria-controls=\"elementor-tab-content-2266\" aria-expanded=\"false\">\n\t\t\t\t\t\t\t\t\t\t\t\t<span class=\"elementor-toggle-icon elementor-toggle-icon-left\" aria-hidden=\"true\">\n\t\t\t\t\t\t\t\t\t\t\t\t\t\t\t<span class=\"elementor-toggle-icon-closed\"><i class=\"fas fa-caret-right\"><\/i><\/span>\n\t\t\t\t\t\t\t\t<span class=\"elementor-toggle-icon-opened\"><i class=\"elementor-toggle-icon-opened fas fa-caret-up\"><\/i><\/span>\n\t\t\t\t\t\t\t\t\t\t\t\t\t<\/span>\n\t\t\t\t\t\t\t\t\t\t\t\t<a class=\"elementor-toggle-title\" tabindex=\"0\">Que se passe-t-il en cas de pluie ou de mauvais temps ?<\/a>\n\t\t\t\t\t<\/h3>\n\n\t\t\t\t\t<div id=\"elementor-tab-content-2266\" class=\"elementor-tab-content elementor-clearfix\" data-tab=\"6\" role=\"region\" aria-labelledby=\"elementor-tab-title-2266\"><p><span style=\"font-weight: 400;\">Toutes les visites ont lieu normalement, ind\u00e9pendamment de la pluie. Si une visite doit \u00eatre annul\u00e9e en raison de conditions extr\u00eames, une autre date ou l&rsquo;annulation et le remboursement du paiement seront toujours propos\u00e9s.<\/span><\/p><\/div>\n\t\t\t\t<\/div>\n\t\t\t\t\t\t\t\t<\/div>\n\t\t\t\t\t\t<\/div>\n\t\t\t\t<\/div>\n\t\t\t\t\t<\/div>\n\t\t<\/div>\n\t\t\t\t\t<\/div>\n\t\t<\/section>\n\t\t\t\t<section class=\"elementor-section elementor-top-section elementor-element elementor-element-e336a32 elementor-section-boxed elementor-section-height-default elementor-section-height-default\" data-id=\"e336a32\" data-element_type=\"section\">\n\t\t\t\t\t\t<div class=\"elementor-container elementor-column-gap-default\">\n\t\t\t\t\t<div class=\"elementor-column elementor-col-100 elementor-top-column elementor-element elementor-element-6dfd825\" data-id=\"6dfd825\" data-element_type=\"column\">\n\t\t\t<div class=\"elementor-widget-wrap elementor-element-populated\">\n\t\t\t\t\t\t<div class=\"elementor-element elementor-element-00541d1 elementor-widget elementor-widget-heading\" data-id=\"00541d1\" data-element_type=\"widget\" data-widget_type=\"heading.default\">\n\t\t\t\t<div class=\"elementor-widget-container\">\n\t\t\t\t\t<h2 class=\"elementor-heading-title elementor-size-default\">Questions fr\u00e9quemment pos\u00e9es sur Grenade<\/h2>\t\t\t\t<\/div>\n\t\t\t\t<\/div>\n\t\t\t\t<div class=\"elementor-element elementor-element-c05dd76 elementor-widget elementor-widget-toggle\" data-id=\"c05dd76\" data-element_type=\"widget\" data-widget_type=\"toggle.default\">\n\t\t\t\t<div class=\"elementor-widget-container\">\n\t\t\t\t\t\t\t<div class=\"elementor-toggle\">\n\t\t\t\t\t\t\t<div class=\"elementor-toggle-item\">\n\t\t\t\t\t<h3 id=\"elementor-tab-title-2011\" class=\"elementor-tab-title\" data-tab=\"1\" role=\"button\" aria-controls=\"elementor-tab-content-2011\" aria-expanded=\"false\">\n\t\t\t\t\t\t\t\t\t\t\t\t<span class=\"elementor-toggle-icon elementor-toggle-icon-left\" aria-hidden=\"true\">\n\t\t\t\t\t\t\t\t\t\t\t\t\t\t\t<span class=\"elementor-toggle-icon-closed\"><i class=\"fas fa-caret-right\"><\/i><\/span>\n\t\t\t\t\t\t\t\t<span class=\"elementor-toggle-icon-opened\"><i class=\"elementor-toggle-icon-opened fas fa-caret-up\"><\/i><\/span>\n\t\t\t\t\t\t\t\t\t\t\t\t\t<\/span>\n\t\t\t\t\t\t\t\t\t\t\t\t<a class=\"elementor-toggle-title\" tabindex=\"0\">Quelle est la meilleure p\u00e9riode de l'ann\u00e9e pour visiter Grenade ?<\/a>\n\t\t\t\t\t<\/h3>\n\n\t\t\t\t\t<div id=\"elementor-tab-content-2011\" class=\"elementor-tab-content elementor-clearfix\" data-tab=\"1\" role=\"region\" aria-labelledby=\"elementor-tab-title-2011\"><p><span style=\"font-weight: 400;\">La meilleure p\u00e9riode pour visiter Grenade d\u00e9pend des int\u00e9r\u00eats de chaque voyageur. En g\u00e9n\u00e9ral, le printemps (avril et mai) et l&rsquo;automne (septembre et octobre) sont les p\u00e9riodes les plus agr\u00e9ables pour visiter la ville, car le temps est doux et les temp\u00e9ratures sont agr\u00e9ables.<\/span><\/p><p><span style=\"font-weight: 400;\">Cependant, si vous souhaitez skier ou pratiquer des sports d&rsquo;hiver, l&rsquo;hiver est la p\u00e9riode id\u00e9ale, en particulier entre d\u00e9cembre et mars, lorsque la neige recouvre les montagnes de la Sierra Nevada et que des sports tels que le ski et le snowboard sont possibles.<\/span><\/p><p><span style=\"font-weight: 400;\">L&rsquo;\u00e9t\u00e9 est une p\u00e9riode tr\u00e8s pris\u00e9e pour visiter Grenade, car c&rsquo;est \u00e0 cette \u00e9poque que se d\u00e9roulent certains des festivals les plus importants de la ville, comme la Feria de Granada et les f\u00eates des quartiers de l&rsquo;Albaic\u00edn et du Sacromonte. Pendant cette p\u00e9riode, la ville est pleine de vie et de couleurs, avec un large \u00e9ventail d&rsquo;activit\u00e9s culturelles, de concerts et de spectacles en plein air.<\/span><\/p><\/div>\n\t\t\t\t<\/div>\n\t\t\t\t\t\t\t<div class=\"elementor-toggle-item\">\n\t\t\t\t\t<h3 id=\"elementor-tab-title-2012\" class=\"elementor-tab-title\" data-tab=\"2\" role=\"button\" aria-controls=\"elementor-tab-content-2012\" aria-expanded=\"false\">\n\t\t\t\t\t\t\t\t\t\t\t\t<span class=\"elementor-toggle-icon elementor-toggle-icon-left\" aria-hidden=\"true\">\n\t\t\t\t\t\t\t\t\t\t\t\t\t\t\t<span class=\"elementor-toggle-icon-closed\"><i class=\"fas fa-caret-right\"><\/i><\/span>\n\t\t\t\t\t\t\t\t<span class=\"elementor-toggle-icon-opened\"><i class=\"elementor-toggle-icon-opened fas fa-caret-up\"><\/i><\/span>\n\t\t\t\t\t\t\t\t\t\t\t\t\t<\/span>\n\t\t\t\t\t\t\t\t\t\t\t\t<a class=\"elementor-toggle-title\" tabindex=\"0\">Combien de jours faut-il pour visiter Grenade ?<\/a>\n\t\t\t\t\t<\/h3>\n\n\t\t\t\t\t<div id=\"elementor-tab-content-2012\" class=\"elementor-tab-content elementor-clearfix\" data-tab=\"2\" role=\"region\" aria-labelledby=\"elementor-tab-title-2012\"><p><span style=\"font-weight: 400;\">Il est recommand\u00e9 de passer au moins deux ou trois jours \u00e0 Grenade pour visiter les sites touristiques les plus importants, profiter de la gastronomie et de la vie nocturne, et visiter les quartiers de l&rsquo;Albaicin et du Sacromonte, ainsi que l&rsquo;Alhambra.<\/span><\/p><\/div>\n\t\t\t\t<\/div>\n\t\t\t\t\t\t\t<div class=\"elementor-toggle-item\">\n\t\t\t\t\t<h3 id=\"elementor-tab-title-2013\" class=\"elementor-tab-title\" data-tab=\"3\" role=\"button\" aria-controls=\"elementor-tab-content-2013\" aria-expanded=\"false\">\n\t\t\t\t\t\t\t\t\t\t\t\t<span class=\"elementor-toggle-icon elementor-toggle-icon-left\" aria-hidden=\"true\">\n\t\t\t\t\t\t\t\t\t\t\t\t\t\t\t<span class=\"elementor-toggle-icon-closed\"><i class=\"fas fa-caret-right\"><\/i><\/span>\n\t\t\t\t\t\t\t\t<span class=\"elementor-toggle-icon-opened\"><i class=\"elementor-toggle-icon-opened fas fa-caret-up\"><\/i><\/span>\n\t\t\t\t\t\t\t\t\t\t\t\t\t<\/span>\n\t\t\t\t\t\t\t\t\t\t\t\t<a class=\"elementor-toggle-title\" tabindex=\"0\">Quels sont les plats que je peux d\u00e9guster \u00e0 Grenade ?<\/a>\n\t\t\t\t\t<\/h3>\n\n\t\t\t\t\t<div id=\"elementor-tab-content-2013\" class=\"elementor-tab-content elementor-clearfix\" data-tab=\"3\" role=\"region\" aria-labelledby=\"elementor-tab-title-2013\"><p><span style=\"font-weight: 400;\">\u00c0 Grenade, vous pourrez d\u00e9guster des plats typiques comme le poisson frit, le gaspacho andalou ou l&rsquo;omelette du Sacromonte. D\u00e9couvrez les meilleurs endroits pour manger des tapas \u00e0 Grenade !<\/span><\/p><\/div>\n\t\t\t\t<\/div>\n\t\t\t\t\t\t\t<div class=\"elementor-toggle-item\">\n\t\t\t\t\t<h3 id=\"elementor-tab-title-2014\" class=\"elementor-tab-title\" data-tab=\"4\" role=\"button\" aria-controls=\"elementor-tab-content-2014\" aria-expanded=\"false\">\n\t\t\t\t\t\t\t\t\t\t\t\t<span class=\"elementor-toggle-icon elementor-toggle-icon-left\" aria-hidden=\"true\">\n\t\t\t\t\t\t\t\t\t\t\t\t\t\t\t<span class=\"elementor-toggle-icon-closed\"><i class=\"fas fa-caret-right\"><\/i><\/span>\n\t\t\t\t\t\t\t\t<span class=\"elementor-toggle-icon-opened\"><i class=\"elementor-toggle-icon-opened fas fa-caret-up\"><\/i><\/span>\n\t\t\t\t\t\t\t\t\t\t\t\t\t<\/span>\n\t\t\t\t\t\t\t\t\t\t\t\t<a class=\"elementor-toggle-title\" tabindex=\"0\">Comment se rendre \u00e0 Grenade ?<\/a>\n\t\t\t\t\t<\/h3>\n\n\t\t\t\t\t<div id=\"elementor-tab-content-2014\" class=\"elementor-tab-content elementor-clearfix\" data-tab=\"4\" role=\"region\" aria-labelledby=\"elementor-tab-title-2014\"><p><span style=\"font-weight: 400;\">Grenade poss\u00e8de son propre a\u00e9roport, l&rsquo;a\u00e9roport Federico Garc\u00eda Lorca Granada-Ja\u00e9n, situ\u00e9 \u00e0 environ 17 km \u00e0 l&rsquo;ouest de la ville. On peut \u00e9galement s&rsquo;y rendre en train depuis plusieurs villes d&rsquo;Espagne, et en bus depuis presque tout le pays. Nous vous encourageons \u00e0 vous renseigner sur Grenade avant votre voyage.<\/span><\/p><\/div>\n\t\t\t\t<\/div>\n\t\t\t\t\t\t\t<div class=\"elementor-toggle-item\">\n\t\t\t\t\t<h3 id=\"elementor-tab-title-2015\" class=\"elementor-tab-title\" data-tab=\"5\" role=\"button\" aria-controls=\"elementor-tab-content-2015\" aria-expanded=\"false\">\n\t\t\t\t\t\t\t\t\t\t\t\t<span class=\"elementor-toggle-icon elementor-toggle-icon-left\" aria-hidden=\"true\">\n\t\t\t\t\t\t\t\t\t\t\t\t\t\t\t<span class=\"elementor-toggle-icon-closed\"><i class=\"fas fa-caret-right\"><\/i><\/span>\n\t\t\t\t\t\t\t\t<span class=\"elementor-toggle-icon-opened\"><i class=\"elementor-toggle-icon-opened fas fa-caret-up\"><\/i><\/span>\n\t\t\t\t\t\t\t\t\t\t\t\t\t<\/span>\n\t\t\t\t\t\t\t\t\t\t\t\t<a class=\"elementor-toggle-title\" tabindex=\"0\">Y a-t-il des excursions que je peux faire \u00e0 partir de Grenade ?<\/a>\n\t\t\t\t\t<\/h3>\n\n\t\t\t\t\t<div id=\"elementor-tab-content-2015\" class=\"elementor-tab-content elementor-clearfix\" data-tab=\"5\" role=\"region\" aria-labelledby=\"elementor-tab-title-2015\"><p><span style=\"font-weight: 400;\">Oui, il y a plusieurs excursions int\u00e9ressantes que vous pouvez faire \u00e0 partir de Grenade. Nous vous encourageons \u00e0 d\u00e9couvrir les meilleures excursions au d\u00e9part de Grenade.<\/span><\/p><\/div>\n\t\t\t\t<\/div>\n\t\t\t\t\t\t\t<div class=\"elementor-toggle-item\">\n\t\t\t\t\t<h3 id=\"elementor-tab-title-2016\" class=\"elementor-tab-title\" data-tab=\"6\" role=\"button\" aria-controls=\"elementor-tab-content-2016\" aria-expanded=\"false\">\n\t\t\t\t\t\t\t\t\t\t\t\t<span class=\"elementor-toggle-icon elementor-toggle-icon-left\" aria-hidden=\"true\">\n\t\t\t\t\t\t\t\t\t\t\t\t\t\t\t<span class=\"elementor-toggle-icon-closed\"><i class=\"fas fa-caret-right\"><\/i><\/span>\n\t\t\t\t\t\t\t\t<span class=\"elementor-toggle-icon-opened\"><i class=\"elementor-toggle-icon-opened fas fa-caret-up\"><\/i><\/span>\n\t\t\t\t\t\t\t\t\t\t\t\t\t<\/span>\n\t\t\t\t\t\t\t\t\t\t\t\t<a class=\"elementor-toggle-title\" tabindex=\"0\">Quels sont les points forts \u00e0 voir \u00e0 Grenade ?<\/a>\n\t\t\t\t\t<\/h3>\n\n\t\t\t\t\t<div id=\"elementor-tab-content-2016\" class=\"elementor-tab-content elementor-clearfix\" data-tab=\"6\" role=\"region\" aria-labelledby=\"elementor-tab-title-2016\"><p><span style=\"font-weight: 400;\">Grenade est une ville pleine d&rsquo;histoire et de culture, il y a donc de nombreuses merveilles \u00e0 d\u00e9couvrir. L&rsquo;Alhambra est l&rsquo;\u00e9difice le plus populaire de Grenade, mais il est aussi recommand\u00e9 de visiter le quartier de l&rsquo;Albaicin, le Sacromonte, la Cath\u00e9drale, le monast\u00e8re de San Jer\u00f3nimo et le parc scientifique, entre autres. En plus, la villa de Grenade est connue pour sa gastronomie et sa grande vari\u00e9t\u00e9 de tapas.<\/span><\/p><\/div>\n\t\t\t\t<\/div>\n\t\t\t\t\t\t\t\t<\/div>\n\t\t\t\t\t\t<\/div>\n\t\t\t\t<\/div>\n\t\t\t\t\t<\/div>\n\t\t<\/div>\n\t\t\t\t\t<\/div>\n\t\t<\/section>\n\t\t\t\t<section class=\"elementor-section elementor-top-section elementor-element elementor-element-d2372d2 elementor-section-boxed elementor-section-height-default elementor-section-height-default\" data-id=\"d2372d2\" data-element_type=\"section\">\n\t\t\t\t\t\t<div class=\"elementor-container elementor-column-gap-default\">\n\t\t\t\t\t<div class=\"elementor-column elementor-col-100 elementor-top-column elementor-element elementor-element-f785edf\" data-id=\"f785edf\" data-element_type=\"column\">\n\t\t\t<div class=\"elementor-widget-wrap elementor-element-populated\">\n\t\t\t\t\t\t<div class=\"elementor-element elementor-element-53c47ce elementor-widget elementor-widget-text-editor\" data-id=\"53c47ce\" data-element_type=\"widget\" data-widget_type=\"text-editor.default\">\n\t\t\t\t<div class=\"elementor-widget-container\">\n\t\t\t\t\t\t\t\t\t<div class=\"group w-full text-gray-800 dark:text-gray-100 border-b border-black\/10 dark:border-gray-900\/50 bg-gray-50 dark:bg-[#444654]\"><div class=\"flex p-4 gap-4 text-base md:gap-6 md:max-w-2xl lg:max-w-xl xl:max-w-3xl md:py-6 lg:px-0 m-auto\"><div class=\"relative flex w-[calc(100%-50px)] flex-col gap-1 md:gap-3 lg:w-[calc(100%-115px)]\"><div class=\"flex flex-grow flex-col gap-3\"><div class=\"min-h-[20px] flex flex-col items-start gap-4 whitespace-pre-wrap break-words\"><div class=\"markdown prose w-full break-words dark:prose-invert dark\"><p>Nous serions ravis de r\u00e9pondre \u00e0 toutes autres questions que vous pourriez avoir sur Grenade, l&rsquo;Alhambra ou nos visites guid\u00e9es ! N&rsquo;h\u00e9sitez pas \u00e0 nous contacter par t\u00e9l\u00e9phone ou WhatsApp au num\u00e9ro +34-607 691 676, ou \u00e0 nous envoyer un email \u00e0 <a href=\"mailto:reservas@ciceronegranada.com\" target=\"_new\">reservas@ciceronegranada.com<\/a>. Nous sommes l\u00e0 pour vous offrir la meilleure exp\u00e9rience possible. Nous vous attendons avec impatience !<\/p><\/div><\/div><\/div><\/div><\/div><\/div>\t\t\t\t\t\t\t\t<\/div>\n\t\t\t\t<\/div>\n\t\t\t\t\t<\/div>\n\t\t<\/div>\n\t\t\t\t\t<\/div>\n\t\t<\/section>\n\t\t\t\t<\/div>\n\t\t","protected":false},"excerpt":{"rendered":"<p>Questions fr\u00e9quemment pos\u00e9es Questions fr\u00e9quemment pos\u00e9es sur l&rsquo;Alhambra Qu&rsquo;est-ce que l&rsquo;Alhambra ? L\u2019Alhambra est une cit\u00e9 palatine situ\u00e9e \u00e0 Grenade (Espagne). Elle a \u00e9t\u00e9 construite en plusieurs \u00e9tapes entre le 13e et le 15e si\u00e8cles par les rois de la dynastie nasride de l\u2019\u00e9mirat de Grenade. Pourquoi acheter des billets pour l&rsquo;Alhambra \u00e0 l&rsquo;avance ? [&hellip;]<\/p>\n","protected":false},"author":8,"featured_media":14556,"parent":0,"menu_order":80,"comment_status":"closed","ping_status":"closed","template":"","meta":{"content-type":"","footnotes":""},"yoast_head":"<!-- This site is optimized with the Yoast SEO plugin v24.5 - https:\/\/yoast.com\/wordpress\/plugins\/seo\/ -->\n<title>Questions fr\u00e9quemment pos\u00e9es sur Alhambra et Grenade|Cicerone<\/title>\n<meta name=\"description\" content=\"Si vous pr\u00e9voyez visiter l&#039;Alhambra ou Grenade et vous avez des doutes, n&#039;h\u00e9sitez pas \u00e0 consulter notre foire aux questions.\" \/>\n<meta name=\"robots\" content=\"index, follow, max-snippet:-1, max-image-preview:large, max-video-preview:-1\" \/>\n<link rel=\"canonical\" href=\"https:\/\/www.ciceronegranada.com\/fr\/questions-frequemment-posees\/\" \/>\n<meta property=\"og:locale\" content=\"fr_FR\" \/>\n<meta property=\"og:type\" content=\"article\" \/>\n<meta property=\"og:title\" content=\"Questions fr\u00e9quemment pos\u00e9es sur Alhambra et Grenade|Cicerone\" \/>\n<meta property=\"og:description\" content=\"Si vous pr\u00e9voyez visiter l&#039;Alhambra ou Grenade et vous avez des doutes, n&#039;h\u00e9sitez pas \u00e0 consulter notre foire aux questions.\" \/>\n<meta property=\"og:url\" content=\"https:\/\/www.ciceronegranada.com\/fr\/questions-frequemment-posees\/\" \/>\n<meta property=\"og:site_name\" content=\"Visitas guiadas Granada y Alhambra | Gu\u00edas locales expertos\" \/>\n<meta property=\"article:modified_time\" content=\"2023-05-24T13:35:31+00:00\" \/>\n<meta name=\"twitter:card\" content=\"summary_large_image\" \/>\n<meta name=\"twitter:label1\" content=\"Dur\u00e9e de lecture estim\u00e9e\" \/>\n\t<meta name=\"twitter:data1\" content=\"8 minutes\" \/>\n<script type=\"application\/ld+json\" class=\"yoast-schema-graph\">{\"@context\":\"https:\/\/schema.org\",\"@graph\":[{\"@type\":\"WebPage\",\"@id\":\"https:\/\/www.ciceronegranada.com\/fr\/questions-frequemment-posees\/\",\"url\":\"https:\/\/www.ciceronegranada.com\/fr\/questions-frequemment-posees\/\",\"name\":\"Questions fr\u00e9quemment pos\u00e9es sur Alhambra et Grenade|Cicerone\",\"isPartOf\":{\"@id\":\"https:\/\/www.ciceronegranada.com\/fr\/#website\"},\"primaryImageOfPage\":{\"@id\":\"https:\/\/www.ciceronegranada.com\/fr\/questions-frequemment-posees\/#primaryimage\"},\"image\":{\"@id\":\"https:\/\/www.ciceronegranada.com\/fr\/questions-frequemment-posees\/#primaryimage\"},\"thumbnailUrl\":\"https:\/\/www.ciceronegranada.com\/wp-content\/uploads\/2023\/04\/Cicerone-Cabecera-Otras.jpg?wsr\",\"datePublished\":\"2023-05-12T10:23:53+00:00\",\"dateModified\":\"2023-05-24T13:35:31+00:00\",\"description\":\"Si vous pr\u00e9voyez visiter l'Alhambra ou Grenade et vous avez des doutes, n'h\u00e9sitez pas \u00e0 consulter notre foire aux questions.\",\"breadcrumb\":{\"@id\":\"https:\/\/www.ciceronegranada.com\/fr\/questions-frequemment-posees\/#breadcrumb\"},\"inLanguage\":\"fr-FR\",\"potentialAction\":[{\"@type\":\"ReadAction\",\"target\":[\"https:\/\/www.ciceronegranada.com\/fr\/questions-frequemment-posees\/\"]}]},{\"@type\":\"ImageObject\",\"inLanguage\":\"fr-FR\",\"@id\":\"https:\/\/www.ciceronegranada.com\/fr\/questions-frequemment-posees\/#primaryimage\",\"url\":\"https:\/\/www.ciceronegranada.com\/wp-content\/uploads\/2023\/04\/Cicerone-Cabecera-Otras.jpg?wsr\",\"contentUrl\":\"https:\/\/www.ciceronegranada.com\/wp-content\/uploads\/2023\/04\/Cicerone-Cabecera-Otras.jpg?wsr\",\"width\":2000,\"height\":555,\"caption\":\"Cicerone Cabecera Otras\"},{\"@type\":\"BreadcrumbList\",\"@id\":\"https:\/\/www.ciceronegranada.com\/fr\/questions-frequemment-posees\/#breadcrumb\",\"itemListElement\":[{\"@type\":\"ListItem\",\"position\":1,\"name\":\"Accueil\",\"item\":\"https:\/\/www.ciceronegranada.com\/fr\/\"},{\"@type\":\"ListItem\",\"position\":2,\"name\":\"Questions fr\u00e9quemment pos\u00e9es\"}]},{\"@type\":\"WebSite\",\"@id\":\"https:\/\/www.ciceronegranada.com\/fr\/#website\",\"url\":\"https:\/\/www.ciceronegranada.com\/fr\/\",\"name\":\"Visitas guiadas Granada y Alhambra | Gu\u00edas locales expertos\",\"description\":\"Visitas guiadas de Granada o la Alhambra con gu\u00edas locales expertos. Tours privados o en grupos reducidos para que no te pierdas ning\u00fan rinc\u00f3n de la ciudad.\",\"publisher\":{\"@id\":\"https:\/\/www.ciceronegranada.com\/fr\/#organization\"},\"alternateName\":\"Visitas guiadas Granada y Alhambra | Cicerone Granada\",\"potentialAction\":[{\"@type\":\"SearchAction\",\"target\":{\"@type\":\"EntryPoint\",\"urlTemplate\":\"https:\/\/www.ciceronegranada.com\/fr\/?s={search_term_string}\"},\"query-input\":{\"@type\":\"PropertyValueSpecification\",\"valueRequired\":true,\"valueName\":\"search_term_string\"}}],\"inLanguage\":\"fr-FR\"},{\"@type\":\"Organization\",\"@id\":\"https:\/\/www.ciceronegranada.com\/fr\/#organization\",\"name\":\"CiceroneGranada\",\"url\":\"https:\/\/www.ciceronegranada.com\/fr\/\",\"logo\":{\"@type\":\"ImageObject\",\"inLanguage\":\"fr-FR\",\"@id\":\"https:\/\/www.ciceronegranada.com\/fr\/#\/schema\/logo\/image\/\",\"url\":\"https:\/\/www.ciceronegranada.com\/wp-content\/uploads\/2022\/09\/logo-cicerone-2022-black.png\",\"contentUrl\":\"https:\/\/www.ciceronegranada.com\/wp-content\/uploads\/2022\/09\/logo-cicerone-2022-black.png\",\"width\":1042,\"height\":217,\"caption\":\"CiceroneGranada\"},\"image\":{\"@id\":\"https:\/\/www.ciceronegranada.com\/fr\/#\/schema\/logo\/image\/\"}}]}<\/script>\n<!-- \/ Yoast SEO plugin. -->","yoast_head_json":{"title":"Questions fr\u00e9quemment pos\u00e9es sur Alhambra et Grenade|Cicerone","description":"Si vous pr\u00e9voyez visiter l'Alhambra ou Grenade et vous avez des doutes, n'h\u00e9sitez pas \u00e0 consulter notre foire aux questions.","robots":{"index":"index","follow":"follow","max-snippet":"max-snippet:-1","max-image-preview":"max-image-preview:large","max-video-preview":"max-video-preview:-1"},"canonical":"https:\/\/www.ciceronegranada.com\/fr\/questions-frequemment-posees\/","og_locale":"fr_FR","og_type":"article","og_title":"Questions fr\u00e9quemment pos\u00e9es sur Alhambra et Grenade|Cicerone","og_description":"Si vous pr\u00e9voyez visiter l'Alhambra ou Grenade et vous avez des doutes, n'h\u00e9sitez pas \u00e0 consulter notre foire aux questions.","og_url":"https:\/\/www.ciceronegranada.com\/fr\/questions-frequemment-posees\/","og_site_name":"Visitas guiadas Granada y Alhambra | Gu\u00edas locales expertos","article_modified_time":"2023-05-24T13:35:31+00:00","twitter_card":"summary_large_image","twitter_misc":{"Dur\u00e9e de lecture estim\u00e9e":"8 minutes"},"schema":{"@context":"https:\/\/schema.org","@graph":[{"@type":"WebPage","@id":"https:\/\/www.ciceronegranada.com\/fr\/questions-frequemment-posees\/","url":"https:\/\/www.ciceronegranada.com\/fr\/questions-frequemment-posees\/","name":"Questions fr\u00e9quemment pos\u00e9es sur Alhambra et Grenade|Cicerone","isPartOf":{"@id":"https:\/\/www.ciceronegranada.com\/fr\/#website"},"primaryImageOfPage":{"@id":"https:\/\/www.ciceronegranada.com\/fr\/questions-frequemment-posees\/#primaryimage"},"image":{"@id":"https:\/\/www.ciceronegranada.com\/fr\/questions-frequemment-posees\/#primaryimage"},"thumbnailUrl":"https:\/\/www.ciceronegranada.com\/wp-content\/uploads\/2023\/04\/Cicerone-Cabecera-Otras.jpg?wsr","datePublished":"2023-05-12T10:23:53+00:00","dateModified":"2023-05-24T13:35:31+00:00","description":"Si vous pr\u00e9voyez visiter l'Alhambra ou Grenade et vous avez des doutes, n'h\u00e9sitez pas \u00e0 consulter notre foire aux questions.","breadcrumb":{"@id":"https:\/\/www.ciceronegranada.com\/fr\/questions-frequemment-posees\/#breadcrumb"},"inLanguage":"fr-FR","potentialAction":[{"@type":"ReadAction","target":["https:\/\/www.ciceronegranada.com\/fr\/questions-frequemment-posees\/"]}]},{"@type":"ImageObject","inLanguage":"fr-FR","@id":"https:\/\/www.ciceronegranada.com\/fr\/questions-frequemment-posees\/#primaryimage","url":"https:\/\/www.ciceronegranada.com\/wp-content\/uploads\/2023\/04\/Cicerone-Cabecera-Otras.jpg?wsr","contentUrl":"https:\/\/www.ciceronegranada.com\/wp-content\/uploads\/2023\/04\/Cicerone-Cabecera-Otras.jpg?wsr","width":2000,"height":555,"caption":"Cicerone Cabecera Otras"},{"@type":"BreadcrumbList","@id":"https:\/\/www.ciceronegranada.com\/fr\/questions-frequemment-posees\/#breadcrumb","itemListElement":[{"@type":"ListItem","position":1,"name":"Accueil","item":"https:\/\/www.ciceronegranada.com\/fr\/"},{"@type":"ListItem","position":2,"name":"Questions fr\u00e9quemment pos\u00e9es"}]},{"@type":"WebSite","@id":"https:\/\/www.ciceronegranada.com\/fr\/#website","url":"https:\/\/www.ciceronegranada.com\/fr\/","name":"Visitas guiadas Granada y Alhambra | Gu\u00edas locales expertos","description":"Visitas guiadas de Granada o la Alhambra con gu\u00edas locales expertos. Tours privados o en grupos reducidos para que no te pierdas ning\u00fan rinc\u00f3n de la ciudad.","publisher":{"@id":"https:\/\/www.ciceronegranada.com\/fr\/#organization"},"alternateName":"Visitas guiadas Granada y Alhambra | Cicerone Granada","potentialAction":[{"@type":"SearchAction","target":{"@type":"EntryPoint","urlTemplate":"https:\/\/www.ciceronegranada.com\/fr\/?s={search_term_string}"},"query-input":{"@type":"PropertyValueSpecification","valueRequired":true,"valueName":"search_term_string"}}],"inLanguage":"fr-FR"},{"@type":"Organization","@id":"https:\/\/www.ciceronegranada.com\/fr\/#organization","name":"CiceroneGranada","url":"https:\/\/www.ciceronegranada.com\/fr\/","logo":{"@type":"ImageObject","inLanguage":"fr-FR","@id":"https:\/\/www.ciceronegranada.com\/fr\/#\/schema\/logo\/image\/","url":"https:\/\/www.ciceronegranada.com\/wp-content\/uploads\/2022\/09\/logo-cicerone-2022-black.png","contentUrl":"https:\/\/www.ciceronegranada.com\/wp-content\/uploads\/2022\/09\/logo-cicerone-2022-black.png","width":1042,"height":217,"caption":"CiceroneGranada"},"image":{"@id":"https:\/\/www.ciceronegranada.com\/fr\/#\/schema\/logo\/image\/"}}]}},"_links":{"self":[{"href":"https:\/\/www.ciceronegranada.com\/fr\/wp-json\/wp\/v2\/pages\/15137"}],"collection":[{"href":"https:\/\/www.ciceronegranada.com\/fr\/wp-json\/wp\/v2\/pages"}],"about":[{"href":"https:\/\/www.ciceronegranada.com\/fr\/wp-json\/wp\/v2\/types\/page"}],"author":[{"embeddable":true,"href":"https:\/\/www.ciceronegranada.com\/fr\/wp-json\/wp\/v2\/users\/8"}],"replies":[{"embeddable":true,"href":"https:\/\/www.ciceronegranada.com\/fr\/wp-json\/wp\/v2\/comments?post=15137"}],"version-history":[{"count":9,"href":"https:\/\/www.ciceronegranada.com\/fr\/wp-json\/wp\/v2\/pages\/15137\/revisions"}],"predecessor-version":[{"id":15148,"href":"https:\/\/www.ciceronegranada.com\/fr\/wp-json\/wp\/v2\/pages\/15137\/revisions\/15148"}],"wp:featuredmedia":[{"embeddable":true,"href":"https:\/\/www.ciceronegranada.com\/fr\/wp-json\/wp\/v2\/media\/14556"}],"wp:attachment":[{"href":"https:\/\/www.ciceronegranada.com\/fr\/wp-json\/wp\/v2\/media?parent=15137"}],"curies":[{"name":"wp","href":"https:\/\/api.w.org\/{rel}","templated":true}]}}