{"id":1952,"date":"2019-03-08T17:45:08","date_gmt":"2019-03-08T16:45:08","guid":{"rendered":"https:\/\/www.ciceronegranada.com\/?page_id=1952"},"modified":"2025-11-29T19:42:54","modified_gmt":"2025-11-29T18:42:54","slug":"cicerone-the-media","status":"publish","type":"page","link":"https:\/\/www.ciceronegranada.com\/en\/cicerone-the-media\/","title":{"rendered":"Cicerone and the Media"},"content":{"rendered":"<h2 id=\"2019\">2019<\/h2>\n<h2>The Australian journalist Eithne Nightingale recommends Cicerone in a piece about the best ways of walking through the main cities in Europe<\/h2>\n<p><img fetchpriority=\"high\" decoding=\"async\" class=\"alignnone size-full wp-image-4638\" src=\"https:\/\/www.ciceronegranada.com\/wp-content\/uploads\/2019\/09\/periodista-australiana-recomienda-cicerone-granada.jpg\" alt=\"\" width=\"740\" height=\"747\" \/><\/p>\n<p>Read the piece on this Link<\/p>\n<h2>The all Blacks, the Rugby National Team from New Zealand, walk with Cicerone through the Alhambra and they dance the Haka in the Patio de Los Leones<\/h2>\n<p>The players took the opportunity to perform the traditional mauri war dance at the site\u2019s famous Patio de Los Leones palace.<\/p>\n<p>New Zealand legends Hosea Gear, Anthony Tuitavake, Stuart Doig and Brad Linklater formed the visiting delegation.<\/p>\n<p>You can read it and sea the video <a href=\"https:\/\/www.theolivepress.es\/spain-news\/2019\/07\/17\/watch-all-blacks-rugby-stars-perform-haka-in-spains-alhambra\/\">here<\/a>.<\/p>\n<h2 id=\"2018\">2018<\/h2>\n<h2>Neven Maguire visits Granada and RTVE shows it<\/h2>\n<h2><img decoding=\"async\" class=\"alignnone size-full wp-image-4757\" src=\"https:\/\/www.ciceronegranada.com\/wp-content\/uploads\/2019\/10\/neven-maguire-cicerone.jpg\" alt=\"\" width=\"740\" height=\"786\" \/><\/h2>\n<p>You can read the article on this <a href=\"https:\/\/www.rte.ie\/lifestyle\/food\/2018\/0918\/994541-take-a-tapas-tour-of-grenada-with-neven-maguire\/\">Link<\/a><\/p>\n<h2>Lorca\u2019s Granada: Following in the Footsteps of Spain\u2019s Murdered Poet<\/h2>\n<h3><em>The Independent, August 19, 2016<\/em><\/h3>\n<p><img decoding=\"async\" class=\"alignnone size-full wp-image-4735\" src=\"https:\/\/www.ciceronegranada.com\/wp-content\/uploads\/2019\/10\/lorca-footstep-cicerone-the-independent.jpg\" alt=\"\" width=\"740\" height=\"763\" \/><\/p>\n<p>&#8220;It\u2019s 80 years since Spain\u2019s favourite poet was executed by firing squad. We set out to discover his hometown of Granada through his eyes. I was in a hurry: I had an appointment with Maria Angustias Garc\u00eda-Valdecasas, a senior guide with <a href=\"https:\/\/www.ciceronegranada.com\/en\/\" target=\"_blank\" rel=\"nofollow noopener noreferrer\">Cicerone<\/a>, a tour company offering Lorca-themed walking tours. We had arranged to meet outside the <a href=\"http:\/\/www.centrofedericogarcialorca.es\/\" target=\"_blank\" rel=\"nofollow noopener noreferrer\">Centro Federico Garc\u00eda Lorca<\/a>, a new museum from the Federico Garc\u00eda Lorca Foundation, directly opposite the cathedral.&#8221;<\/p>\n<p>You can read more in <a href=\"http:\/\/www.independent.co.uk\/travel\/europe\/granada-spain-holidays-city-break-lorca-best-hotels-restaurants-art-music-culture-a7191751.html\" target=\"_blank\" rel=\"noopener noreferrer\">this link<\/a>.<\/p>\n<h2 id=\"2015\">2015<\/h2>\n<h2>&#8216;A Single girl&#8217;s guide to food and drink travel&#8217; by Nanci J. Saper<\/h2>\n<h3>Octuber 23, 2015<\/h3>\n<p>\u201cMaria A. Valdecasas, Owner of Cicerone Granada, talks Spain! Cicerone Granada has amazing, first rate guides.\u201d<\/p>\n<p style=\"text-align: center;\"><iframe src=\"https:\/\/widget.spreaker.com\/player?episode_id=6901085&amp;theme=light&amp;autoplay=false&amp;playlist=false\" width=\"100%\" height=\"150px\" frameborder=\"0\"><span style=\"display: inline-block; width: 0px; overflow: hidden; line-height: 0;\" data-mce-type=\"bookmark\" class=\"mce_SELRES_start\">\ufeff<\/span><\/iframe><\/p>\n<p>You can listen this podcast in her tumblr.<\/p>\n<h2 id=\"2014\">2014<\/h2>\n<h2>Michel Cruz. Blog, news and information.<\/h2>\n<h3><strong><a href=\"http:\/\/michel-cruz.rimontgo.com\/travel\/wabas-2014-in-granada\/\" target=\"_blank\" rel=\"noopener noreferrer\">Wabas 2014 in Granada<\/a>. November 17, 2014<\/strong><\/h3>\n<p><img loading=\"lazy\" decoding=\"async\" class=\"size-full wp-image-4379 aligncenter\" src=\"https:\/\/www.ciceronegranada.com\/wp-content\/uploads\/2019\/07\/wabas-in-granada-cicerone.jpg\" alt=\"\" width=\"740\" height=\"695\" \/><\/p>\n<p>\u201cAfter two full days of work the weekend\u2019s highlight was a night time guided visit with Cicerone to the <a href=\"https:\/\/www.ciceronegranada.com\/visitas-alhambra\/\" target=\"_blank\" rel=\"noopener noreferrer\">Alhambra Tours<\/a>\u201d<\/p>\n<p>You can read the full post in this <a href=\"http:\/\/michel-cruz.rimontgo.com\/travel\/wabas-2014-in-granada\/\" target=\"_blank\" rel=\"noopener noreferrer\">link<\/a>.<\/p>\n<h2 id=\"fionaseville\">Scribbler in Seville: &#8216;A meeting of minds and Moorish magnificence by moonlight&#8217; by Fiona Flores Watson.<\/h2>\n<h4>November 14, 2014<\/h4>\n<p><img loading=\"lazy\" decoding=\"async\" class=\"alignnone size-full wp-image-4733\" src=\"https:\/\/www.ciceronegranada.com\/wp-content\/uploads\/2019\/10\/cicerone-and-media-scribbleer.jpg\" alt=\"\" width=\"740\" height=\"780\" \/><\/p>\n<p>\u201cI was delighted that we were taken around the Alhambra by an excellent guide, Maria Angustias from <a href=\"https:\/\/www.ciceronegranada.com\/en\/\">Cicerone Tours<\/a>.\u201d<\/p>\n<p>You can read the entire post in this <a href=\"http:\/\/scribblerinseville.com\/a-meeting-of-minds-and-moorish-magnificence-by-moonlight\/\" target=\"_blank\" rel=\"noopener noreferrer\">link<\/a>.<\/p>\n<h2 id=\"spainbuddyweekend\">Spain Buddy: &#8216;A weekend in Granada&#8217; by Alan Gandy<\/h2>\n<h4>November 12, 2014<\/h4>\n<p><img loading=\"lazy\" decoding=\"async\" class=\"size-full wp-image-4388 aligncenter\" src=\"https:\/\/www.ciceronegranada.com\/wp-content\/uploads\/2019\/07\/cicerone-media-alan-gandy-weekend-in-granada-2.jpg\" alt=\"\" width=\"740\" height=\"722\" \/><\/p>\n<p>\u201cOn the touristy front most of the participants did go on an evening guided tour of the Alhambra, by Cicerone\u201d<\/p>\n<p>Read about their experience in this <a href=\"http:\/\/www.spainbuddy.com\/a-weekend-in-granada\/\" target=\"_blank\" rel=\"noopener noreferrer\">link<\/a>.<\/p>\n<h2 id=\"piccaveyinsidertips\">Piccavey. Visit the Alhambra Palace in Granada \u2013 Insider Tips<\/h2>\n<h4>November 9, 2014<\/h4>\n<p><img loading=\"lazy\" decoding=\"async\" class=\"aligncenter wp-image-1983 size-full\" title=\"cicerone media alhambra tickets\" src=\"https:\/\/www.ciceronegranada.com\/wp-content\/uploads\/2019\/03\/insider-tips-media-ciceronegranada-e1563525776339.png\" alt=\"\" width=\"740\" height=\"593\" \/><\/p>\n<p>\u201cIf you would like a guide to accompany your visit Cicerone Granada have guides with several languages and can tailor your Alhambra visit to your exact requirements.\u201d<\/p>\n<h2 id=\"jewishgranadashabbat\">&#8216;Granada shabbat, 500 years on&#8217;<\/h2>\n<h4>THE JEWISH CHRONICLE. February 6, 2014<\/h4>\n<p><img loading=\"lazy\" decoding=\"async\" class=\"aligncenter wp-image-1985 size-full\" title=\"cicerone media shabbat\" src=\"https:\/\/www.ciceronegranada.com\/wp-content\/uploads\/2019\/03\/granada-jewish-shabbat-media-ciceronegranada-e1563525984208.png\" alt=\"\" width=\"740\" height=\"390\" \/><\/p>\n<p>The former medieval Jewish quarter of Realejo in Granada, Spain, hosted its first Shabbat service for 500 years last month. It took place in the city\u2019s Jewish Museum, opened last April by French citizen Beatrice Chevalier Sola in her grandmother\u2019s former home. The Jewish were on a guided tour, leaded by local company CICERONE, searching for their roots on a theme trip.<\/p>\n<h2 id=\"2013\">2013<\/h2>\n<h2>ACP Rail Blog: Granada&#8217;s Mystical Alhambra<\/h2>\n<h3>June, 2013<\/h3>\n<p><img loading=\"lazy\" decoding=\"async\" class=\"aligncenter wp-image-1987 size-full\" title=\"cicerone media rail blog\" src=\"https:\/\/www.ciceronegranada.com\/wp-content\/uploads\/2019\/03\/granada-mystical-media-ciceronegranada.png\" alt=\"\" width=\"658\" height=\"795\" \/><\/p>\n<p>\u201cDay 2 in Granada. With a busy day in Granada ahead, we met up our guide Maria (Maria Angustias), a lovely and very informative lady who gives walking tours around Granada. Our tour began in the Moorish Quarter, where we walked through narrow streets and town squares busy with locals, while learning all about Granada\u2019s history and how the so to speak paceful conquest of 1492 is waht perserved much of the Islamic architecture (\u2026) Thanks to our partners for making this visit to Granada possible: Air Canada Vacations, Hotel Abba Granada, <strong>CICERONE Granada Walking Tours<\/strong>\u2026\u201d<\/p>\n<p>You can read the rest in this <a href=\"http:\/\/www.acprail.com\/blog\/2013\/06\/granadas-mystical-alhambra\/\" target=\"_blank\" rel=\"noopener noreferrer\">link<\/a>.<\/p>\n<h2 id=\"2011\">2011<\/h2>\n<h2>Sur les traces de Garc\u00eda Lorca: Visite guid\u00e9e<\/h2>\n<h3>LA PRESSE MONTREAL, 13 AO\u00dbT 2011.<\/h3>\n<p><img loading=\"lazy\" decoding=\"async\" class=\"aligncenter wp-image-1989 size-full\" title=\"cicerone media lorca montreal\" src=\"https:\/\/www.ciceronegranada.com\/wp-content\/uploads\/2019\/03\/sur-traces-lorca-media-ciceronegranada-e1563526449471.png\" alt=\"\" width=\"740\" height=\"695\" \/><\/p>\n<p>\u201cDe retour \u00e0 Grenade o\u00fa sa famille avait d\u00e9m\u00e9nag\u00e9 pour ses \u00e9tudes, Mar\u00eda Angustias Valdecasas, guide sp\u00e9cialiste de Lorca, vous m\u00e8nera sur les traces du po\u00e8te. La guide peut m\u00eame vous conduire dans une de ces grottes o\u00f9 les amateurs viennent entendre du \u201ccante jondo\u201d. On peut y recontrer Curro Albaic\u00edn, un grand interpr\u00e8te des po\u00e8mes de Lorca\u201d.<\/p>\n<p>\u201cIl jouait tr\u00e8s bien du piano et son professeur avait recommand\u00e9 \u00e0 son p\u00e8re que Federico monte \u00e0 Paris pour parfaire son apprentissage, mais son p\u00e8re a refus\u00e8, explique Mar\u00eda. Il s\u2019est alors destin\u00e9 \u00e0 la litt\u00e9rature\u2026 Mar\u00eda montre la maison de ses amis Rosales (angle Angulo et Tablas) o\u00f9 il a \u00e9t\u00e9 arr\u00eat\u00e9 en juillet 1936 et la B\u00e2tisse du gouvernement civil o\u00f9 il a \u00e9t\u00e9 d\u00e9tenu avant d\u2019\u00eatre envoy\u00e9 \u00e0 V\u00edzanar\u201d.<\/p>\n<h2 id=\"2010\">2010<\/h2>\n<h2>Go\u00fbter L\u2019andalousie.<\/h2>\n<h3>LA PRESSE MONTREAL. 19 JUIN 2010.<\/h3>\n<p><img loading=\"lazy\" decoding=\"async\" class=\"aligncenter wp-image-1992 size-full\" title=\"cicerone media gouter\" src=\"https:\/\/www.ciceronegranada.com\/wp-content\/uploads\/2019\/03\/gouter-1-media-ciceronegranada-e1563526547213.png\" alt=\"\" width=\"514\" height=\"800\" \/><br \/>\n<img loading=\"lazy\" decoding=\"async\" class=\"wp-image-1994 size-full aligncenter\" title=\"cicerone media gouter montreal\" src=\"https:\/\/www.ciceronegranada.com\/wp-content\/uploads\/2019\/03\/gouter-2-media-ciceronegranada-e1563526620567.png\" alt=\"\" width=\"566\" height=\"800\" \/><\/p>\n<p>\u201cC\u2019est au coeur de la belle cit\u00e9 de Grenade que le gastronome qui ne sommeille jamais tr\u00e8s longtemps en moi est entr\u00e9 en app\u00e9tit autant avec la\u00a0culture andalouse qu\u2019aveq sa bonne ch\u00e8re. Il \u00e9tait midi pass\u00e9. Ma guide, Mar\u00eda angustias, m\u2019a conduit au Chokito, \u00e0 l\u2019ombre d\u2019un platane centenaire, sur la Plaza del Campillo\u201d.<\/p>\n<h3>LA PRESSE MONTREAL. 17 AVRIL 2010.<\/h3>\n<p><img loading=\"lazy\" decoding=\"async\" class=\"wp-image-1996 size-full aligncenter\" title=\"cicerone media tresors musulmans\" src=\"https:\/\/www.ciceronegranada.com\/wp-content\/uploads\/2019\/03\/tresors-1-media-ciceronegranada-e1563526716846.png\" alt=\"\" width=\"518\" height=\"800\" \/><br \/>\n<img loading=\"lazy\" decoding=\"async\" class=\"wp-image-1998 size-full aligncenter\" title=\"cicerone media tresors musulmans granade\" src=\"https:\/\/www.ciceronegranada.com\/wp-content\/uploads\/2019\/03\/tresors-2-media-ciceronegranada-e1563526784140.png\" alt=\"\" width=\"515\" height=\"800\" \/><\/p>\n<p>\u201cIl reste encore bien des traces de cette \u00e9poque \u00e0 Grenade: les rues sinueuses de l\u2019authentique quartier arabe d\u2019Albayz\u00edn o\u00f9 les maisons blanches font penser \u00e0 une m\u00e9dina marocaine; ey le Ba\u00f1uelo, ces bains arabes du XIesi\u00e8cle dont la construction a \u00e9t\u00e9 financ\u00e9e par\u2026 un vizir juif\u201d.<\/p>\n<p>\u201dLe pic de la splenderur de cet art est arriv\u00e9 apr\u00e8s 1400, car il s\u2019agissait d\u2019une p\u00e9riode de paix et de grand essor artistique, affirme Mar\u00eda Valdecasas. Les relations entre chr\u00e9tiens, juifs et musulmans \u00e9taient tr\u00e8s amis.\u201d<\/p>\n<h2 id=\"artetv\">Arte TV (FR-DE)<\/h2>\n<h2 id=\"2005\">2005<\/h2>\n<p><img loading=\"lazy\" decoding=\"async\" class=\"aligncenter wp-image-2000 size-full\" title=\"cicerone media arte tve\" src=\"https:\/\/www.ciceronegranada.com\/wp-content\/uploads\/2019\/03\/arte-tv-media-ciceronegranada-e1563526953667.png\" alt=\"\" width=\"740\" height=\"412\" \/><\/p>\n<p>You can see the full documentary in this link: <a href=\"https:\/\/www.youtube.com\/watch?v=GiBtNgjtxBk\">Magische Orte. Granada. Zauber aus 1001 Nacht<\/a><\/p>\n<h2 id=\"2004\">2004<\/h2>\n<p>&nbsp;<\/p>\n<p><img loading=\"lazy\" decoding=\"async\" class=\"aligncenter wp-image-2002 size-full\" title=\"cicerone media totemismo\" src=\"https:\/\/www.ciceronegranada.com\/wp-content\/uploads\/2019\/03\/tuttoturismo-media-ciceronegranada-e1563527048542.png\" alt=\"\" width=\"403\" height=\"800\" \/><\/p>\n<p>Granada: La nostra guida.<\/p>\n<h2>March\/April:Tales of the city<\/h2>\n<h3>March\/April<\/h3>\n<p>\u201cCICERONE is one of the few official tour companies endorsed by the Junta de Andalucia offering a guided \u201cwalktour\u201d into the heart of Granada. Meeting daily by the Townhall at Plaza del Carmen\u2026. Where 2 met up with Rosa Terrones to experience the tour. Whilst her official role is a tour guide, she is more of a storyteller, walking through the centuries as well as the city, as you let your imagination stretch back to when rivers and bridges once criss- crossed the now busy streets, reliving Granada&#8217;s rich and chequered past. [\u2026] The tour offers snippets of information, facts and details that you won\u00b4t neccessarily find elsewhere\u2026Rosa\u00b4s enthusiasm and passion for the rich history of the city is contagious as she talks and pinpoints Granada\u00b4s most significant buildings.What works in this tour is that it gives you something that you just can\u00b4t get from a guidebook: the snippets of information and the storytelling experience.\u201d<\/p>\n","protected":false},"excerpt":{"rendered":"<p>2019 The Australian journalist Eithne Nightingale recommends Cicerone in a piece about the best ways of walking through the main cities in Europe Read the piece on this Link The all Blacks, the Rugby National Team from New Zealand, walk with Cicerone through the Alhambra and they dance the Haka in the Patio de Los [&hellip;]<\/p>\n","protected":false},"author":3,"featured_media":0,"parent":1825,"menu_order":5,"comment_status":"closed","ping_status":"closed","template":"page-toc.php","meta":{"content-type":"","footnotes":""},"yoast_head":"<!-- This site is optimized with the Yoast SEO plugin v24.5 - https:\/\/yoast.com\/wordpress\/plugins\/seo\/ -->\n<title>Cicerone Granada \u2014 Press &amp; Media Resources<\/title>\n<meta name=\"description\" content=\"Press &amp; media resources: press kit, brand assets, and media contact for interviews and stories about Granada &amp; the Alhambra\" \/>\n<meta name=\"robots\" content=\"index, follow, max-snippet:-1, max-image-preview:large, max-video-preview:-1\" \/>\n<link rel=\"canonical\" href=\"https:\/\/www.ciceronegranada.com\/en\/cicerone-the-media\/\" \/>\n<meta property=\"og:locale\" content=\"en_US\" \/>\n<meta property=\"og:type\" content=\"article\" \/>\n<meta property=\"og:title\" content=\"Cicerone Granada \u2014 Press &amp; Media Resources\" \/>\n<meta property=\"og:description\" content=\"Press &amp; media resources: press kit, brand assets, and media contact for interviews and stories about Granada &amp; the Alhambra\" \/>\n<meta property=\"og:url\" content=\"https:\/\/www.ciceronegranada.com\/en\/cicerone-the-media\/\" \/>\n<meta property=\"og:site_name\" content=\"Visitas guiadas Granada y Alhambra | Gu\u00edas locales expertos\" \/>\n<meta property=\"article:modified_time\" content=\"2025-11-29T18:42:54+00:00\" \/>\n<meta property=\"og:image\" content=\"https:\/\/www.ciceronegranada.com\/wp-content\/uploads\/2019\/09\/periodista-australiana-recomienda-cicerone-granada.jpg?wsr\" \/>\n\t<meta property=\"og:image:width\" content=\"740\" \/>\n\t<meta property=\"og:image:height\" content=\"747\" \/>\n\t<meta property=\"og:image:type\" content=\"image\/jpeg\" \/>\n<meta name=\"twitter:card\" content=\"summary_large_image\" \/>\n<meta name=\"twitter:label1\" content=\"Est. reading time\" \/>\n\t<meta name=\"twitter:data1\" content=\"9 minutes\" \/>\n<script type=\"application\/ld+json\" class=\"yoast-schema-graph\">{\"@context\":\"https:\/\/schema.org\",\"@graph\":[{\"@type\":\"WebPage\",\"@id\":\"https:\/\/www.ciceronegranada.com\/en\/cicerone-the-media\/\",\"url\":\"https:\/\/www.ciceronegranada.com\/en\/cicerone-the-media\/\",\"name\":\"Cicerone Granada \u2014 Press & Media Resources\",\"isPartOf\":{\"@id\":\"https:\/\/www.ciceronegranada.com\/en\/#website\"},\"primaryImageOfPage\":{\"@id\":\"https:\/\/www.ciceronegranada.com\/en\/cicerone-the-media\/#primaryimage\"},\"image\":{\"@id\":\"https:\/\/www.ciceronegranada.com\/en\/cicerone-the-media\/#primaryimage\"},\"thumbnailUrl\":\"https:\/\/www.ciceronegranada.com\/wp-content\/uploads\/2019\/09\/periodista-australiana-recomienda-cicerone-granada.jpg\",\"datePublished\":\"2019-03-08T16:45:08+00:00\",\"dateModified\":\"2025-11-29T18:42:54+00:00\",\"description\":\"Press & media resources: press kit, brand assets, and media contact for interviews and stories about Granada & the Alhambra\",\"breadcrumb\":{\"@id\":\"https:\/\/www.ciceronegranada.com\/en\/cicerone-the-media\/#breadcrumb\"},\"inLanguage\":\"en-US\",\"potentialAction\":[{\"@type\":\"ReadAction\",\"target\":[\"https:\/\/www.ciceronegranada.com\/en\/cicerone-the-media\/\"]}]},{\"@type\":\"ImageObject\",\"inLanguage\":\"en-US\",\"@id\":\"https:\/\/www.ciceronegranada.com\/en\/cicerone-the-media\/#primaryimage\",\"url\":\"https:\/\/www.ciceronegranada.com\/wp-content\/uploads\/2019\/09\/periodista-australiana-recomienda-cicerone-granada.jpg\",\"contentUrl\":\"https:\/\/www.ciceronegranada.com\/wp-content\/uploads\/2019\/09\/periodista-australiana-recomienda-cicerone-granada.jpg\"},{\"@type\":\"BreadcrumbList\",\"@id\":\"https:\/\/www.ciceronegranada.com\/en\/cicerone-the-media\/#breadcrumb\",\"itemListElement\":[{\"@type\":\"ListItem\",\"position\":1,\"name\":\"Home\",\"item\":\"https:\/\/www.ciceronegranada.com\/en\/\"},{\"@type\":\"ListItem\",\"position\":2,\"name\":\"Cicerone Granada\",\"item\":\"https:\/\/www.ciceronegranada.com\/en\/cicerone\/\"},{\"@type\":\"ListItem\",\"position\":3,\"name\":\"Cicerone and the Media\"}]},{\"@type\":\"WebSite\",\"@id\":\"https:\/\/www.ciceronegranada.com\/en\/#website\",\"url\":\"https:\/\/www.ciceronegranada.com\/en\/\",\"name\":\"Visitas guiadas Granada y Alhambra | Gu\u00edas locales expertos\",\"description\":\"Visitas guiadas de Granada o la Alhambra con gu\u00edas locales expertos. Tours privados o en grupos reducidos para que no te pierdas ning\u00fan rinc\u00f3n de la ciudad.\",\"publisher\":{\"@id\":\"https:\/\/www.ciceronegranada.com\/en\/#organization\"},\"alternateName\":\"Visitas guiadas Granada y Alhambra | Cicerone Granada\",\"potentialAction\":[{\"@type\":\"SearchAction\",\"target\":{\"@type\":\"EntryPoint\",\"urlTemplate\":\"https:\/\/www.ciceronegranada.com\/en\/?s={search_term_string}\"},\"query-input\":{\"@type\":\"PropertyValueSpecification\",\"valueRequired\":true,\"valueName\":\"search_term_string\"}}],\"inLanguage\":\"en-US\"},{\"@type\":\"Organization\",\"@id\":\"https:\/\/www.ciceronegranada.com\/en\/#organization\",\"name\":\"CiceroneGranada\",\"url\":\"https:\/\/www.ciceronegranada.com\/en\/\",\"logo\":{\"@type\":\"ImageObject\",\"inLanguage\":\"en-US\",\"@id\":\"https:\/\/www.ciceronegranada.com\/en\/#\/schema\/logo\/image\/\",\"url\":\"https:\/\/www.ciceronegranada.com\/wp-content\/uploads\/2022\/09\/logo-cicerone-2022-black.png\",\"contentUrl\":\"https:\/\/www.ciceronegranada.com\/wp-content\/uploads\/2022\/09\/logo-cicerone-2022-black.png\",\"width\":1042,\"height\":217,\"caption\":\"CiceroneGranada\"},\"image\":{\"@id\":\"https:\/\/www.ciceronegranada.com\/en\/#\/schema\/logo\/image\/\"}}]}<\/script>\n<!-- \/ Yoast SEO plugin. -->","yoast_head_json":{"title":"Cicerone Granada \u2014 Press & Media Resources","description":"Press & media resources: press kit, brand assets, and media contact for interviews and stories about Granada & the Alhambra","robots":{"index":"index","follow":"follow","max-snippet":"max-snippet:-1","max-image-preview":"max-image-preview:large","max-video-preview":"max-video-preview:-1"},"canonical":"https:\/\/www.ciceronegranada.com\/en\/cicerone-the-media\/","og_locale":"en_US","og_type":"article","og_title":"Cicerone Granada \u2014 Press & Media Resources","og_description":"Press & media resources: press kit, brand assets, and media contact for interviews and stories about Granada & the Alhambra","og_url":"https:\/\/www.ciceronegranada.com\/en\/cicerone-the-media\/","og_site_name":"Visitas guiadas Granada y Alhambra | Gu\u00edas locales expertos","article_modified_time":"2025-11-29T18:42:54+00:00","og_image":[{"width":740,"height":747,"url":"https:\/\/www.ciceronegranada.com\/wp-content\/uploads\/2019\/09\/periodista-australiana-recomienda-cicerone-granada.jpg?wsr","type":"image\/jpeg"}],"twitter_card":"summary_large_image","twitter_misc":{"Est. reading time":"9 minutes"},"schema":{"@context":"https:\/\/schema.org","@graph":[{"@type":"WebPage","@id":"https:\/\/www.ciceronegranada.com\/en\/cicerone-the-media\/","url":"https:\/\/www.ciceronegranada.com\/en\/cicerone-the-media\/","name":"Cicerone Granada \u2014 Press & Media Resources","isPartOf":{"@id":"https:\/\/www.ciceronegranada.com\/en\/#website"},"primaryImageOfPage":{"@id":"https:\/\/www.ciceronegranada.com\/en\/cicerone-the-media\/#primaryimage"},"image":{"@id":"https:\/\/www.ciceronegranada.com\/en\/cicerone-the-media\/#primaryimage"},"thumbnailUrl":"https:\/\/www.ciceronegranada.com\/wp-content\/uploads\/2019\/09\/periodista-australiana-recomienda-cicerone-granada.jpg","datePublished":"2019-03-08T16:45:08+00:00","dateModified":"2025-11-29T18:42:54+00:00","description":"Press & media resources: press kit, brand assets, and media contact for interviews and stories about Granada & the Alhambra","breadcrumb":{"@id":"https:\/\/www.ciceronegranada.com\/en\/cicerone-the-media\/#breadcrumb"},"inLanguage":"en-US","potentialAction":[{"@type":"ReadAction","target":["https:\/\/www.ciceronegranada.com\/en\/cicerone-the-media\/"]}]},{"@type":"ImageObject","inLanguage":"en-US","@id":"https:\/\/www.ciceronegranada.com\/en\/cicerone-the-media\/#primaryimage","url":"https:\/\/www.ciceronegranada.com\/wp-content\/uploads\/2019\/09\/periodista-australiana-recomienda-cicerone-granada.jpg","contentUrl":"https:\/\/www.ciceronegranada.com\/wp-content\/uploads\/2019\/09\/periodista-australiana-recomienda-cicerone-granada.jpg"},{"@type":"BreadcrumbList","@id":"https:\/\/www.ciceronegranada.com\/en\/cicerone-the-media\/#breadcrumb","itemListElement":[{"@type":"ListItem","position":1,"name":"Home","item":"https:\/\/www.ciceronegranada.com\/en\/"},{"@type":"ListItem","position":2,"name":"Cicerone Granada","item":"https:\/\/www.ciceronegranada.com\/en\/cicerone\/"},{"@type":"ListItem","position":3,"name":"Cicerone and the Media"}]},{"@type":"WebSite","@id":"https:\/\/www.ciceronegranada.com\/en\/#website","url":"https:\/\/www.ciceronegranada.com\/en\/","name":"Visitas guiadas Granada y Alhambra | Gu\u00edas locales expertos","description":"Visitas guiadas de Granada o la Alhambra con gu\u00edas locales expertos. Tours privados o en grupos reducidos para que no te pierdas ning\u00fan rinc\u00f3n de la ciudad.","publisher":{"@id":"https:\/\/www.ciceronegranada.com\/en\/#organization"},"alternateName":"Visitas guiadas Granada y Alhambra | Cicerone Granada","potentialAction":[{"@type":"SearchAction","target":{"@type":"EntryPoint","urlTemplate":"https:\/\/www.ciceronegranada.com\/en\/?s={search_term_string}"},"query-input":{"@type":"PropertyValueSpecification","valueRequired":true,"valueName":"search_term_string"}}],"inLanguage":"en-US"},{"@type":"Organization","@id":"https:\/\/www.ciceronegranada.com\/en\/#organization","name":"CiceroneGranada","url":"https:\/\/www.ciceronegranada.com\/en\/","logo":{"@type":"ImageObject","inLanguage":"en-US","@id":"https:\/\/www.ciceronegranada.com\/en\/#\/schema\/logo\/image\/","url":"https:\/\/www.ciceronegranada.com\/wp-content\/uploads\/2022\/09\/logo-cicerone-2022-black.png","contentUrl":"https:\/\/www.ciceronegranada.com\/wp-content\/uploads\/2022\/09\/logo-cicerone-2022-black.png","width":1042,"height":217,"caption":"CiceroneGranada"},"image":{"@id":"https:\/\/www.ciceronegranada.com\/en\/#\/schema\/logo\/image\/"}}]}},"_links":{"self":[{"href":"https:\/\/www.ciceronegranada.com\/en\/wp-json\/wp\/v2\/pages\/1952"}],"collection":[{"href":"https:\/\/www.ciceronegranada.com\/en\/wp-json\/wp\/v2\/pages"}],"about":[{"href":"https:\/\/www.ciceronegranada.com\/en\/wp-json\/wp\/v2\/types\/page"}],"author":[{"embeddable":true,"href":"https:\/\/www.ciceronegranada.com\/en\/wp-json\/wp\/v2\/users\/3"}],"replies":[{"embeddable":true,"href":"https:\/\/www.ciceronegranada.com\/en\/wp-json\/wp\/v2\/comments?post=1952"}],"version-history":[{"count":11,"href":"https:\/\/www.ciceronegranada.com\/en\/wp-json\/wp\/v2\/pages\/1952\/revisions"}],"predecessor-version":[{"id":20253,"href":"https:\/\/www.ciceronegranada.com\/en\/wp-json\/wp\/v2\/pages\/1952\/revisions\/20253"}],"up":[{"embeddable":true,"href":"https:\/\/www.ciceronegranada.com\/en\/wp-json\/wp\/v2\/pages\/1825"}],"wp:attachment":[{"href":"https:\/\/www.ciceronegranada.com\/en\/wp-json\/wp\/v2\/media?parent=1952"}],"curies":[{"name":"wp","href":"https:\/\/api.w.org\/{rel}","templated":true}]}}